{"id":8723,"date":"2024-07-30T10:53:19","date_gmt":"2024-07-30T08:53:19","guid":{"rendered":"https:\/\/zesar.ch\/?page_id=8723"},"modified":"2024-10-23T09:16:30","modified_gmt":"2024-10-23T07:16:30","slug":"referenzen","status":"publish","type":"page","link":"https:\/\/zesar.ch\/fr\/notre-references\/","title":{"rendered":"R\u00e9f\u00e9rences"},"content":{"rendered":"<div class=\"is-layout-constrained wp-block-group alignfull header-with-title-lead-and-shifted-up-content\">\n<div class=\"is-layout-constrained wp-container-1 wp-block-group title-wrapper has-spacing-bottom\">\n<h1>R\u00e9f\u00e9rences<\/h1>\n\n\n\n<p>Nous apportons une attitude saine et des possibilit\u00e9s d'enseignement modernes dans votre salle de classe. Nous sommes passionn\u00e9s par le mobilier scolaire de qualit\u00e9 au design moderne, qui tient compte de l'ergonomie et de la sant\u00e9. Nos concepts de postes de travail individuels sont \u00e9galement adapt\u00e9s aux besoins des clients et favorisent la sant\u00e9, la satisfaction et la productivit\u00e9. Laissez-vous convaincre par les r\u00e9sultats.<\/p>\n\n\n\n<p><\/p>\n\n\n\n<p><\/p>\n<\/div>\n\n\n\n<div class=\"is-layout-constrained wp-block-group alignfull has-grey-to-light-grey-gradient-background has-background\">\n<div class=\"is-layout-constrained wp-block-group alignwide is-shifted-up\"><div class=\"posts-filter\" data-taxonomy=\"reference_cat\">\n    <button class=\"option active\">Alle<\/button>\n        <button class=\"option\" data-category=\"bildung\">Formation<\/button>\n        <button class=\"option\" data-category=\"industrie\">Industrie<\/button>\n    <\/div>\n<div class=\"wp-block-references alignwide\">\n            <a href=\"https:\/\/zesar.ch\/fr\/referenz\/das-airtime-studio-im-einsatz-bei-der-gibb\/\" class=\"post-8807 reference type-reference status-publish has-post-thumbnail hentry reference_cat-bildung\" data-categories=\"bildung\">\n    <article>\n        <div class=\"image-wrapper\">\n            <img width=\"1024\" height=\"768\" src=\"https:\/\/zesar.ch\/wp-content\/uploads\/2023\/07\/IMG_9136-scaled-e1633954995529-1024x768.webp\" class=\"attachment-large size-large not-transparent wp-post-image\" alt=\"\" decoding=\"async\" loading=\"lazy\" srcset=\"https:\/\/zesar.ch\/wp-content\/uploads\/2023\/07\/IMG_9136-scaled-e1633954995529-1024x768.webp 1024w, https:\/\/zesar.ch\/wp-content\/uploads\/2023\/07\/IMG_9136-scaled-e1633954995529-300x225.webp 300w, https:\/\/zesar.ch\/wp-content\/uploads\/2023\/07\/IMG_9136-scaled-e1633954995529-768x576.webp 768w, https:\/\/zesar.ch\/wp-content\/uploads\/2023\/07\/IMG_9136-scaled-e1633954995529-16x12.webp 16w, https:\/\/zesar.ch\/wp-content\/uploads\/2023\/07\/IMG_9136-scaled-e1633954995529-350x263.webp 350w, https:\/\/zesar.ch\/wp-content\/uploads\/2023\/07\/IMG_9136-scaled-e1633954995529-600x450.webp 600w, https:\/\/zesar.ch\/wp-content\/uploads\/2023\/07\/IMG_9136-scaled-e1633954995529-jpeg.webp 1333w\" sizes=\"(max-width: 1024px) 100vw, 1024px\" data-has-transparency=\"false\" data-dominant-color=\"636a6e\" style=\"--dominant-color: #636a6e;\" \/>        <\/div>\n        <h4>Le studio vid\u00e9o airtime utilis\u00e9 au gibb<\/h4>\n        <p class=\"excerpt\">Andy Bula travaille depuis 2019 en tant que directeur d\u2019\u00e9cole et enseignant professionnel au gibb \u00e0 Berne. Il nous accueille avec le sourire, on sent qu\u2019il est heureux et fier de \u00ab son \u00bb \u00e9cole professionnelle. Lorsqu\u2019on lui parle du studio vid\u00e9o airtime, ses yeux p\u00e9tillent : \u00ab C\u2019est vraiment g\u00e9nial! \u00bb s\u2019empresse-t-il de dire. Nous en profitons pour lui poser quelques questions.<\/p>\n        <div class=\"wp-block-buttons\">\n            <div class=\"wp-block-button is-style-small\">\n                <span class=\"wp-block-button__link\">Referenz ansehen<\/span>\n            <\/div>\n        <\/div>\n    <\/article>\n<\/a>            <a href=\"https:\/\/zesar.ch\/fr\/referenz\/revolutionaere-bildung-airtime-studio-foerdert-individuelles-lernen\/\" class=\"post-8804 reference type-reference status-publish has-post-thumbnail hentry reference_cat-bildung\" data-categories=\"bildung\">\n    <article>\n        <div class=\"image-wrapper\">\n            <img width=\"1024\" height=\"573\" src=\"https:\/\/zesar.ch\/wp-content\/uploads\/2023\/11\/Bildschirmfoto-2023-11-07-um-13.23.31-1-1024x573.png\" class=\"attachment-large size-large has-transparency wp-post-image\" alt=\"\" decoding=\"async\" loading=\"lazy\" srcset=\"https:\/\/zesar.ch\/wp-content\/uploads\/2023\/11\/Bildschirmfoto-2023-11-07-um-13.23.31-1-1024x573.png 1024w, https:\/\/zesar.ch\/wp-content\/uploads\/2023\/11\/Bildschirmfoto-2023-11-07-um-13.23.31-1-300x168.png 300w, https:\/\/zesar.ch\/wp-content\/uploads\/2023\/11\/Bildschirmfoto-2023-11-07-um-13.23.31-1-768x430.png 768w, https:\/\/zesar.ch\/wp-content\/uploads\/2023\/11\/Bildschirmfoto-2023-11-07-um-13.23.31-1-1536x860.png 1536w, https:\/\/zesar.ch\/wp-content\/uploads\/2023\/11\/Bildschirmfoto-2023-11-07-um-13.23.31-1-2048x1147.png 2048w, https:\/\/zesar.ch\/wp-content\/uploads\/2023\/11\/Bildschirmfoto-2023-11-07-um-13.23.31-1-18x10.png 18w, https:\/\/zesar.ch\/wp-content\/uploads\/2023\/11\/Bildschirmfoto-2023-11-07-um-13.23.31-1-350x196.png 350w, https:\/\/zesar.ch\/wp-content\/uploads\/2023\/11\/Bildschirmfoto-2023-11-07-um-13.23.31-1-600x336.png 600w\" sizes=\"(max-width: 1024px) 100vw, 1024px\" data-has-transparency=\"true\" data-dominant-color=\"878787\" style=\"--dominant-color: #878787;\" \/>        <\/div>\n        <h4>R\u00e9volution dans la formation: le studio airtime favorise l\u2019apprentissage individuel<\/h4>\n        <p class=\"excerpt\">L'airtime studio a pris d'assaut le monde de l'\u00e9ducation et les \u00e9l\u00e8ves sont enthousiasm\u00e9s par cette plateforme innovante. Dans ce blog, vous d\u00e9couvrirez comment le CEFF utilise la solution num\u00e9rique et pourquoi airtime studio est si important pour les \u00e9l\u00e8ves et les \u00e9tablissements d'enseignement du futur.<\/p>\n        <div class=\"wp-block-buttons\">\n            <div class=\"wp-block-button is-style-small\">\n                <span class=\"wp-block-button__link\">Referenz ansehen<\/span>\n            <\/div>\n        <\/div>\n    <\/article>\n<\/a>            <a href=\"https:\/\/zesar.ch\/fr\/referenz\/hinter-den-kulissen-bei-tag-heuer\/\" class=\"post-8801 reference type-reference status-publish has-post-thumbnail hentry reference_cat-industrie\" data-categories=\"industrie\">\n    <article>\n        <div class=\"image-wrapper\">\n            <img width=\"858\" height=\"644\" src=\"https:\/\/zesar.ch\/wp-content\/uploads\/2023\/11\/Tag-Heuer-jpg.webp\" class=\"attachment-large size-large not-transparent wp-post-image\" alt=\"\" decoding=\"async\" loading=\"lazy\" srcset=\"https:\/\/zesar.ch\/wp-content\/uploads\/2023\/11\/Tag-Heuer-jpg.webp 858w, https:\/\/zesar.ch\/wp-content\/uploads\/2023\/11\/Tag-Heuer-300x225.webp 300w, https:\/\/zesar.ch\/wp-content\/uploads\/2023\/11\/Tag-Heuer-768x576.webp 768w, https:\/\/zesar.ch\/wp-content\/uploads\/2023\/11\/Tag-Heuer-16x12.webp 16w, https:\/\/zesar.ch\/wp-content\/uploads\/2023\/11\/Tag-Heuer-350x263.webp 350w, https:\/\/zesar.ch\/wp-content\/uploads\/2023\/11\/Tag-Heuer-600x450.webp 600w\" sizes=\"(max-width: 858px) 100vw, 858px\" data-has-transparency=\"false\" data-dominant-color=\"878074\" style=\"--dominant-color: #878074;\" \/>        <\/div>\n        <h4>Dans les coulisses de TAG Heuer<\/h4>\n        <p class=\"excerpt\">TAG Heuer - un nom qui est depuis longtemps synonyme d'\u00e9l\u00e9gance intemporelle et de pr\u00e9cision dans le monde des chronographes de luxe. Il y a environ trois ans, la marque horlog\u00e8re a introduit une technologie innovante dans ses processus de formation et de perfectionnement : l'airtime Studio. <\/p>\n        <div class=\"wp-block-buttons\">\n            <div class=\"wp-block-button is-style-small\">\n                <span class=\"wp-block-button__link\">Referenz ansehen<\/span>\n            <\/div>\n        <\/div>\n    <\/article>\n<\/a>            <a href=\"https:\/\/zesar.ch\/fr\/referenz\/innovative-videoloesung-mittels-airtime-studio\/\" class=\"post-8792 reference type-reference status-publish has-post-thumbnail hentry reference_cat-bildung reference_cat-industrie\" data-categories=\"bildung industrie\">\n    <article>\n        <div class=\"image-wrapper\">\n            <img width=\"1024\" height=\"574\" src=\"https:\/\/zesar.ch\/wp-content\/uploads\/2024\/03\/Bildschirmfoto-2024-03-05-um-14.37.25-1024x574.png\" class=\"attachment-large size-large has-transparency wp-post-image\" alt=\"\" decoding=\"async\" loading=\"lazy\" srcset=\"https:\/\/zesar.ch\/wp-content\/uploads\/2024\/03\/Bildschirmfoto-2024-03-05-um-14.37.25-1024x574.png 1024w, https:\/\/zesar.ch\/wp-content\/uploads\/2024\/03\/Bildschirmfoto-2024-03-05-um-14.37.25-300x168.png 300w, https:\/\/zesar.ch\/wp-content\/uploads\/2024\/03\/Bildschirmfoto-2024-03-05-um-14.37.25-768x431.png 768w, https:\/\/zesar.ch\/wp-content\/uploads\/2024\/03\/Bildschirmfoto-2024-03-05-um-14.37.25-1536x861.png 1536w, https:\/\/zesar.ch\/wp-content\/uploads\/2024\/03\/Bildschirmfoto-2024-03-05-um-14.37.25-2048x1148.png 2048w, https:\/\/zesar.ch\/wp-content\/uploads\/2024\/03\/Bildschirmfoto-2024-03-05-um-14.37.25-18x10.png 18w, https:\/\/zesar.ch\/wp-content\/uploads\/2024\/03\/Bildschirmfoto-2024-03-05-um-14.37.25-350x196.png 350w, https:\/\/zesar.ch\/wp-content\/uploads\/2024\/03\/Bildschirmfoto-2024-03-05-um-14.37.25-600x336.png 600w\" sizes=\"(max-width: 1024px) 100vw, 1024px\" data-has-transparency=\"true\" data-dominant-color=\"a4958d\" style=\"--dominant-color: #a4958d;\" \/>        <\/div>\n        <h4>Une solution vid\u00e9o innovante gr\u00e2ce \u00e0 l\u2019airtime Studio<\/h4>\n        <p class=\"excerpt\">Depuis sa cr\u00e9ation en juillet 2011, VisioCoaching s'est fait un nom en tant que sp\u00e9cialiste de la formation continue personnelle et professionnelle, du d\u00e9veloppement et de l'\u00e9valuation. Avec pour objectif principal de permettre des formations initiales, des reconversions et\/ou des embauches sur le march\u00e9 du travail, l'entreprise apporte une contribution importante \u00e0 la formation et \u00e0 l'int\u00e9gration. Une vision et une mission qui correspondent parfaitement \u00e0 l'entreprise Zesar.ch.<\/p>\n        <div class=\"wp-block-buttons\">\n            <div class=\"wp-block-button is-style-small\">\n                <span class=\"wp-block-button__link\">Referenz ansehen<\/span>\n            <\/div>\n        <\/div>\n    <\/article>\n<\/a>            <a href=\"https:\/\/zesar.ch\/fr\/referenz\/der-einzigartige-tisch-im-grand-chasseral\/\" class=\"post-8789 reference type-reference status-publish has-post-thumbnail hentry reference_cat-industrie\" data-categories=\"industrie\">\n    <article>\n        <div class=\"image-wrapper\">\n            <img width=\"1024\" height=\"726\" src=\"https:\/\/zesar.ch\/wp-content\/uploads\/2024\/07\/tisch-grand-chasseral-1024x726.webp\" class=\"attachment-large size-large not-transparent wp-post-image\" alt=\"\" decoding=\"async\" loading=\"lazy\" srcset=\"https:\/\/zesar.ch\/wp-content\/uploads\/2024\/07\/tisch-grand-chasseral-1024x726.webp 1024w, https:\/\/zesar.ch\/wp-content\/uploads\/2024\/07\/tisch-grand-chasseral-300x213.webp 300w, https:\/\/zesar.ch\/wp-content\/uploads\/2024\/07\/tisch-grand-chasseral-768x544.webp 768w, https:\/\/zesar.ch\/wp-content\/uploads\/2024\/07\/tisch-grand-chasseral-1536x1088.webp 1536w, https:\/\/zesar.ch\/wp-content\/uploads\/2024\/07\/tisch-grand-chasseral-18x12.webp 18w, https:\/\/zesar.ch\/wp-content\/uploads\/2024\/07\/tisch-grand-chasseral-350x248.webp 350w, https:\/\/zesar.ch\/wp-content\/uploads\/2024\/07\/tisch-grand-chasseral-600x425.webp 600w, https:\/\/zesar.ch\/wp-content\/uploads\/2024\/07\/tisch-grand-chasseral-jpg.webp 1702w\" sizes=\"(max-width: 1024px) 100vw, 1024px\" data-has-transparency=\"false\" data-dominant-color=\"afaba6\" style=\"--dominant-color: #afaba6;\" \/>        <\/div>\n        <h4>La table unique du Grand Chasseral<\/h4>\n        <p class=\"excerpt\">La somptueuse table de conf\u00e9rence issue d\u2019un arbre qui a grandi sur les hauteurs de Tramelan.<\/p>\n        <div class=\"wp-block-buttons\">\n            <div class=\"wp-block-button is-style-small\">\n                <span class=\"wp-block-button__link\">Referenz ansehen<\/span>\n            <\/div>\n        <\/div>\n    <\/article>\n<\/a>            <a href=\"https:\/\/zesar.ch\/fr\/referenz\/lamello\/\" class=\"post-3142 reference type-reference status-publish has-post-thumbnail hentry reference_cat-industrie\" data-categories=\"industrie\">\n    <article>\n        <div class=\"image-wrapper\">\n            <img width=\"960\" height=\"631\" src=\"https:\/\/zesar.ch\/wp-content\/uploads\/2022\/10\/lamello-teaser-jpg-webp.webp\" class=\"attachment-large size-large not-transparent wp-post-image\" alt=\"\" decoding=\"async\" loading=\"lazy\" srcset=\"https:\/\/zesar.ch\/wp-content\/uploads\/2022\/10\/lamello-teaser-jpg-webp.webp 960w, https:\/\/zesar.ch\/wp-content\/uploads\/2022\/10\/lamello-teaser-jpg-350x230.webp 350w, https:\/\/zesar.ch\/wp-content\/uploads\/2022\/10\/lamello-teaser-jpg-600x394.webp 600w, https:\/\/zesar.ch\/wp-content\/uploads\/2022\/10\/lamello-teaser-300x197.webp 300w, https:\/\/zesar.ch\/wp-content\/uploads\/2022\/10\/lamello-teaser-768x505.webp 768w, https:\/\/zesar.ch\/wp-content\/uploads\/2022\/10\/lamello-teaser-18x12.webp 18w\" sizes=\"(max-width: 960px) 100vw, 960px\" data-has-transparency=\"false\" data-dominant-color=\"8b928c\" style=\"--dominant-color: #8b928c;\" \/>        <\/div>\n        <h4>Lamello<\/h4>\n        <p class=\"excerpt\">Pour \u00e9viter les douleurs au travail, des mesures simples permettent d\u00e9j\u00e0 d'am\u00e9liorer l'ergonomie des postes de travail. Pour notre client industriel Lamello, nous avons pu assurer une situation de travail optimis\u00e9e gr\u00e2ce \u00e0 des conseils.<\/p>\n        <div class=\"wp-block-buttons\">\n            <div class=\"wp-block-button is-style-small\">\n                <span class=\"wp-block-button__link\">Referenz ansehen<\/span>\n            <\/div>\n        <\/div>\n    <\/article>\n<\/a>            <a href=\"https:\/\/zesar.ch\/fr\/referenz\/silvac-academy\/\" class=\"post-3140 reference type-reference status-publish has-post-thumbnail hentry reference_cat-industrie\" data-categories=\"industrie\">\n    <article>\n        <div class=\"image-wrapper\">\n            <img width=\"960\" height=\"631\" src=\"https:\/\/zesar.ch\/wp-content\/uploads\/2022\/10\/SMACA-Teaser-1-jpg-webp.webp\" class=\"attachment-large size-large not-transparent wp-post-image\" alt=\"\" decoding=\"async\" loading=\"lazy\" srcset=\"https:\/\/zesar.ch\/wp-content\/uploads\/2022\/10\/SMACA-Teaser-1-jpg-webp.webp 960w, https:\/\/zesar.ch\/wp-content\/uploads\/2022\/10\/SMACA-Teaser-1-jpg-350x230.webp 350w, https:\/\/zesar.ch\/wp-content\/uploads\/2022\/10\/SMACA-Teaser-1-jpg-600x394.webp 600w, https:\/\/zesar.ch\/wp-content\/uploads\/2022\/10\/SMACA-Teaser-1-300x197.webp 300w, https:\/\/zesar.ch\/wp-content\/uploads\/2022\/10\/SMACA-Teaser-1-768x505.webp 768w, https:\/\/zesar.ch\/wp-content\/uploads\/2022\/10\/SMACA-Teaser-1-18x12.webp 18w\" sizes=\"(max-width: 960px) 100vw, 960px\" data-has-transparency=\"false\" data-dominant-color=\"969071\" style=\"--dominant-color: #969071;\" \/>        <\/div>\n        <h4>SMACA \u2013 Ligne de produits unique<\/h4>\n        <p class=\"excerpt\">Nous prenons les besoins des clients au s\u00e9rieux - et si n\u00e9cessaire, nous d\u00e9veloppons de nouveaux produits personnalis\u00e9s. Le centre de formation SMACA souhaitait du mobilier multi-agile et ergonomique.<\/p>\n        <div class=\"wp-block-buttons\">\n            <div class=\"wp-block-button is-style-small\">\n                <span class=\"wp-block-button__link\">Referenz ansehen<\/span>\n            <\/div>\n        <\/div>\n    <\/article>\n<\/a>            <a href=\"https:\/\/zesar.ch\/fr\/referenz\/ergonomische-arbeitsplatzlinie-fur-die-axnum-ag\/\" class=\"post-1200 reference type-reference status-publish has-post-thumbnail hentry reference_cat-industrie\" data-categories=\"industrie\">\n    <article>\n        <div class=\"image-wrapper\">\n            <img width=\"960\" height=\"631\" src=\"https:\/\/zesar.ch\/wp-content\/uploads\/2022\/10\/axnum-teaser-jpg.webp\" class=\"attachment-large size-large not-transparent wp-post-image\" alt=\"\" decoding=\"async\" loading=\"lazy\" srcset=\"https:\/\/zesar.ch\/wp-content\/uploads\/2022\/10\/axnum-teaser-jpg.webp 960w, https:\/\/zesar.ch\/wp-content\/uploads\/2022\/10\/axnum-teaser-300x197.webp 300w, https:\/\/zesar.ch\/wp-content\/uploads\/2022\/10\/axnum-teaser-768x505.webp 768w, https:\/\/zesar.ch\/wp-content\/uploads\/2022\/10\/axnum-teaser-18x12.webp 18w, https:\/\/zesar.ch\/wp-content\/uploads\/2022\/10\/axnum-teaser-350x230.webp 350w, https:\/\/zesar.ch\/wp-content\/uploads\/2022\/10\/axnum-teaser-600x394.webp 600w\" sizes=\"(max-width: 960px) 100vw, 960px\" data-has-transparency=\"false\" data-dominant-color=\"d5d6d7\" style=\"--dominant-color: #d5d6d7;\" \/>        <\/div>\n        <h4>Ligne de postes de travail ergonomiques pour AxNum AG<\/h4>\n        <p class=\"excerpt\">L'ergonomie sur le lieu de travail favorise la sant\u00e9 et augmente non seulement la satisfaction des collaborateurs, mais aussi la productivit\u00e9. Zesar.ch d\u00e9veloppe et r\u00e9alise des concepts de postes de travail individuels en collaboration avec ses clients. Un exemple : la nouvelle ligne de postes de travail ergonomiques d'AxNum AG.<\/p>\n        <div class=\"wp-block-buttons\">\n            <div class=\"wp-block-button is-style-small\">\n                <span class=\"wp-block-button__link\">Referenz ansehen<\/span>\n            <\/div>\n        <\/div>\n    <\/article>\n<\/a>            <a href=\"https:\/\/zesar.ch\/fr\/referenz\/ceff\/\" class=\"post-963 reference type-reference status-publish has-post-thumbnail hentry reference_cat-bildung\" data-categories=\"bildung\">\n    <article>\n        <div class=\"image-wrapper\">\n            <img width=\"960\" height=\"631\" src=\"https:\/\/zesar.ch\/wp-content\/uploads\/2022\/10\/ceff-jpg.webp\" class=\"attachment-large size-large not-transparent wp-post-image\" alt=\"\" decoding=\"async\" loading=\"lazy\" srcset=\"https:\/\/zesar.ch\/wp-content\/uploads\/2022\/10\/ceff-jpg.webp 960w, https:\/\/zesar.ch\/wp-content\/uploads\/2022\/10\/ceff-350x230.webp 350w, https:\/\/zesar.ch\/wp-content\/uploads\/2022\/10\/ceff-600x394.webp 600w, https:\/\/zesar.ch\/wp-content\/uploads\/2022\/10\/ceff-300x197.jpg 300w, https:\/\/zesar.ch\/wp-content\/uploads\/2022\/10\/ceff-768x505.jpg 768w\" sizes=\"(max-width: 960px) 100vw, 960px\" data-has-transparency=\"false\" data-dominant-color=\"b5aaa6\" style=\"--dominant-color: #b5aaa6;\" \/>        <\/div>\n        <h4>CEFF<\/h4>\n        <p class=\"excerpt\">Zesar.ch r\u00e9unit sous un m\u00eame toit une grande flexibilit\u00e9 et un savoir-faire en mati\u00e8re de production : nous pouvons r\u00e9agir rapidement et de mani\u00e8re cibl\u00e9e aux d\u00e9fis particuliers tels que les directives de la protection des monuments historiques et du patrimoine. Ainsi, nous trouvons \u00e9galement des solutions adapt\u00e9es aux anciens b\u00e2timents industriels, comme celui du CEFF.<\/p>\n        <div class=\"wp-block-buttons\">\n            <div class=\"wp-block-button is-style-small\">\n                <span class=\"wp-block-button__link\">Referenz ansehen<\/span>\n            <\/div>\n        <\/div>\n    <\/article>\n<\/a>            <a href=\"https:\/\/zesar.ch\/fr\/referenz\/seedorf\/\" class=\"post-962 reference type-reference status-publish has-post-thumbnail hentry reference_cat-bildung\" data-categories=\"bildung\">\n    <article>\n        <div class=\"image-wrapper\">\n            <img width=\"960\" height=\"631\" src=\"https:\/\/zesar.ch\/wp-content\/uploads\/2022\/10\/seedorf-jpg.webp\" class=\"attachment-large size-large not-transparent wp-post-image\" alt=\"\" decoding=\"async\" loading=\"lazy\" srcset=\"https:\/\/zesar.ch\/wp-content\/uploads\/2022\/10\/seedorf-jpg.webp 960w, https:\/\/zesar.ch\/wp-content\/uploads\/2022\/10\/seedorf-350x230.webp 350w, https:\/\/zesar.ch\/wp-content\/uploads\/2022\/10\/seedorf-600x394.webp 600w, https:\/\/zesar.ch\/wp-content\/uploads\/2022\/10\/seedorf-300x197.jpg 300w, https:\/\/zesar.ch\/wp-content\/uploads\/2022\/10\/seedorf-768x505.jpg 768w\" sizes=\"(max-width: 960px) 100vw, 960px\" data-has-transparency=\"false\" data-dominant-color=\"c4c3c1\" style=\"--dominant-color: #c4c3c1;\" \/>        <\/div>\n        <h4>\u00c9cole de Seedorf<\/h4>\n        <p class=\"excerpt\">Notre mobilier scolaire ergonomique r\u00e9pond \u00e0 un large \u00e9ventail de besoins : Il favorise la sant\u00e9, permet un enseignement dynamique et s'adapte \u00e0 l'architecture. L'exemple de l'\u00e9cole de Seedorf le d\u00e9montre de mani\u00e8re impressionnante.<\/p>\n        <div class=\"wp-block-buttons\">\n            <div class=\"wp-block-button is-style-small\">\n                <span class=\"wp-block-button__link\">Referenz ansehen<\/span>\n            <\/div>\n        <\/div>\n    <\/article>\n<\/a>            <a href=\"https:\/\/zesar.ch\/fr\/referenz\/dietikon\/\" class=\"post-947 reference type-reference status-publish has-post-thumbnail hentry reference_cat-bildung\" data-categories=\"bildung\">\n    <article>\n        <div class=\"image-wrapper\">\n            <img width=\"960\" height=\"631\" src=\"https:\/\/zesar.ch\/wp-content\/uploads\/2022\/10\/dietikon-1-jpg.webp\" class=\"attachment-large size-large not-transparent wp-post-image\" alt=\"\" decoding=\"async\" loading=\"lazy\" srcset=\"https:\/\/zesar.ch\/wp-content\/uploads\/2022\/10\/dietikon-1-jpg.webp 960w, https:\/\/zesar.ch\/wp-content\/uploads\/2022\/10\/dietikon-1-350x230.webp 350w, https:\/\/zesar.ch\/wp-content\/uploads\/2022\/10\/dietikon-1-600x394.webp 600w, https:\/\/zesar.ch\/wp-content\/uploads\/2022\/10\/dietikon-1-300x197.jpg 300w, https:\/\/zesar.ch\/wp-content\/uploads\/2022\/10\/dietikon-1-768x505.jpg 768w\" sizes=\"(max-width: 960px) 100vw, 960px\" data-has-transparency=\"false\" data-dominant-color=\"8a8e8f\" style=\"--dominant-color: #8a8e8f;\" \/>        <\/div>\n        <h4>Pavillon temporaire Dietikon<\/h4>\n        <p class=\"excerpt\">Nous conseillons de mani\u00e8re simple et orient\u00e9e vers les solutions. M\u00eame pour des solutions provisoires - comme le pavillon scolaire de la ville de Dietikon - on trouve chez zesar.ch le mobilier scolaire ad\u00e9quat.\u00a0<\/p>\n        <div class=\"wp-block-buttons\">\n            <div class=\"wp-block-button is-style-small\">\n                <span class=\"wp-block-button__link\">Referenz ansehen<\/span>\n            <\/div>\n        <\/div>\n    <\/article>\n<\/a>    <\/div>\n<\/div>\n<\/div>\n<\/div>\n\n\n\n<div class=\"is-layout-constrained wp-block-group alignfull\">\n<div class=\"is-layout-constrained wp-block-group alignwide contact-persons\">\n<div class=\"is-layout-constrained wp-block-group\">\n<h2>Pouvons-nous \u00e9galement \u00e9quiper vos locaux ?<\/h2>\n\n\n\n<p class=\"has-medium-font-size\">Notre \u00e9quipe se tient \u00e0 votre disposition pour r\u00e9pondre \u00e0 vos questions.<\/p>\n<\/div>\n\n\n\n<div style=\"height:100px\" aria-hidden=\"true\" class=\"wp-block-spacer\"><\/div>\n\n\n\n<div class=\"is-layout-constrained wp-block-group alignwide\">\n<h3>Vos contacts<\/h3>\n\n\n<div id=\"block_c3feaf909039c53649b5305ed0f1a706\" class=\"wp-block-employees alignwide\">\n            <article class=\"post-721 employee type-employee status-publish hentry department-verkauf employee_cat-ansprechpartner-bildung\" data-categories=\"verkauf\">\n    <div class=\"image-wrapper\">\n        <img width=\"1024\" height=\"741\" src=\"https:\/\/zesar.ch\/wp-content\/uploads\/2022\/10\/Czemp-1024x741.png\" class=\"attachment-large size-large not-transparent\" alt=\"\" decoding=\"async\" loading=\"lazy\" srcset=\"https:\/\/zesar.ch\/wp-content\/uploads\/2022\/10\/Czemp-1024x741.png 1024w, https:\/\/zesar.ch\/wp-content\/uploads\/2022\/10\/Czemp-350x253.png 350w, https:\/\/zesar.ch\/wp-content\/uploads\/2022\/10\/Czemp-600x434.png 600w, https:\/\/zesar.ch\/wp-content\/uploads\/2022\/10\/Czemp-300x217.png 300w, https:\/\/zesar.ch\/wp-content\/uploads\/2022\/10\/Czemp-768x556.png 768w, https:\/\/zesar.ch\/wp-content\/uploads\/2022\/10\/Czemp-18x12.png 18w, https:\/\/zesar.ch\/wp-content\/uploads\/2022\/10\/Czemp.png 1080w\" sizes=\"(max-width: 1024px) 100vw, 1024px\" data-has-transparency=\"false\" data-dominant-color=\"cdc6c0\" style=\"--dominant-color: #cdc6c0;\" \/>    <\/div>\n    <div class=\"data-wrapper\">\n        <strong>\n            Christof Zemp                    <\/strong>\n                    <span class=\"responsibility\">Conseiller de vente \u2013 Suisse al\u00e9manique - Est, Nord-Est et Suisse centrale<\/span>\n                            <footer class=\"contact\">\n                                    <a href=\"mailto:christof.zemp@zesar.ch\" class=\"email\">christof.zemp@zesar.ch<\/a>\n                                                    <a href=\"tel:079 100 41 41\" class=\"phone\">079 100 41 41<\/a>\n                            <\/footer>\n            <\/div>\n<\/article>            <article class=\"post-715 employee type-employee status-publish hentry department-verkauf employee_cat-ansprechpartner-bildung\" data-categories=\"verkauf\">\n    <div class=\"image-wrapper\">\n        <img width=\"1024\" height=\"741\" src=\"https:\/\/zesar.ch\/wp-content\/uploads\/2022\/10\/Anita-Althaus-1024x741.png\" class=\"attachment-large size-large not-transparent\" alt=\"\" decoding=\"async\" loading=\"lazy\" srcset=\"https:\/\/zesar.ch\/wp-content\/uploads\/2022\/10\/Anita-Althaus-1024x741.png 1024w, https:\/\/zesar.ch\/wp-content\/uploads\/2022\/10\/Anita-Althaus-350x253.png 350w, https:\/\/zesar.ch\/wp-content\/uploads\/2022\/10\/Anita-Althaus-600x434.png 600w, https:\/\/zesar.ch\/wp-content\/uploads\/2022\/10\/Anita-Althaus-300x217.png 300w, https:\/\/zesar.ch\/wp-content\/uploads\/2022\/10\/Anita-Althaus-768x556.png 768w, https:\/\/zesar.ch\/wp-content\/uploads\/2022\/10\/Anita-Althaus-18x12.png 18w, https:\/\/zesar.ch\/wp-content\/uploads\/2022\/10\/Anita-Althaus.png 1080w\" sizes=\"(max-width: 1024px) 100vw, 1024px\" data-has-transparency=\"false\" data-dominant-color=\"c2bbb5\" style=\"--dominant-color: #c2bbb5;\" \/>    <\/div>\n    <div class=\"data-wrapper\">\n        <strong>\n            Anita Althaus                    <\/strong>\n                    <span class=\"responsibility\">Conseill\u00e8re de vente - Suisse al\u00e9manique \u2013 Cantons de Berne et Fribourg<\/span>\n                            <footer class=\"contact\">\n                                    <a href=\"mailto:anita.althaus@zesar.ch\" class=\"email\">anita.althaus@zesar.ch<\/a>\n                                                    <a href=\"tel:079 797 59 65\" class=\"phone\">079 797 59 65<\/a>\n                            <\/footer>\n            <\/div>\n<\/article>            <article class=\"post-8767 employee type-employee status-publish hentry department-verkauf employee_cat-ansprechpartner-bildung\" data-categories=\"verkauf\">\n    <div class=\"image-wrapper\">\n        <img width=\"1024\" height=\"741\" src=\"https:\/\/zesar.ch\/wp-content\/uploads\/2024\/08\/xavier-pillonel.png\" class=\"attachment-large size-large not-transparent\" alt=\"\" decoding=\"async\" loading=\"lazy\" srcset=\"https:\/\/zesar.ch\/wp-content\/uploads\/2024\/08\/xavier-pillonel.png 1024w, https:\/\/zesar.ch\/wp-content\/uploads\/2024\/08\/xavier-pillonel-300x217.png 300w, https:\/\/zesar.ch\/wp-content\/uploads\/2024\/08\/xavier-pillonel-768x556.png 768w, https:\/\/zesar.ch\/wp-content\/uploads\/2024\/08\/xavier-pillonel-18x12.png 18w, https:\/\/zesar.ch\/wp-content\/uploads\/2024\/08\/xavier-pillonel-350x253.png 350w, https:\/\/zesar.ch\/wp-content\/uploads\/2024\/08\/xavier-pillonel-600x434.png 600w\" sizes=\"(max-width: 1024px) 100vw, 1024px\" data-has-transparency=\"false\" data-dominant-color=\"bcb7b4\" style=\"--dominant-color: #bcb7b4;\" \/>    <\/div>\n    <div class=\"data-wrapper\">\n        <strong>\n            Xavier Pillonel                    <\/strong>\n                    <span class=\"responsibility\">Conseiller de vente - mobilier scolaire - Cantons de Gen\u00e8ve et Vaud<\/span>\n                            <footer class=\"contact\">\n                                    <a href=\"mailto:xavier.pillonel@zesar.ch\" class=\"email\">xavier.pillonel@zesar.ch<\/a>\n                                                    <a href=\"tel:079 175 89 29\" class=\"phone\">079 175 89 29<\/a>\n                            <\/footer>\n            <\/div>\n<\/article>            <article class=\"post-717 employee type-employee status-publish hentry department-geschaeftsleitung department-verkauf employee_cat-ansprechpartner-bildung employee_cat-ansprechpartner-industrie\" data-categories=\"geschaeftsleitung verkauf\">\n    <div class=\"image-wrapper\">\n        <img width=\"1024\" height=\"741\" src=\"https:\/\/zesar.ch\/wp-content\/uploads\/2022\/10\/Philippe-lehmann-1-1024x741.png\" class=\"attachment-large size-large has-transparency\" alt=\"\" decoding=\"async\" loading=\"lazy\" srcset=\"https:\/\/zesar.ch\/wp-content\/uploads\/2022\/10\/Philippe-lehmann-1-1024x741.png 1024w, https:\/\/zesar.ch\/wp-content\/uploads\/2022\/10\/Philippe-lehmann-1-300x217.png 300w, https:\/\/zesar.ch\/wp-content\/uploads\/2022\/10\/Philippe-lehmann-1-768x556.png 768w, https:\/\/zesar.ch\/wp-content\/uploads\/2022\/10\/Philippe-lehmann-1-18x12.png 18w, https:\/\/zesar.ch\/wp-content\/uploads\/2022\/10\/Philippe-lehmann-1-350x253.png 350w, https:\/\/zesar.ch\/wp-content\/uploads\/2022\/10\/Philippe-lehmann-1-600x434.png 600w, https:\/\/zesar.ch\/wp-content\/uploads\/2022\/10\/Philippe-lehmann-1.png 1080w\" sizes=\"(max-width: 1024px) 100vw, 1024px\" data-has-transparency=\"true\" data-dominant-color=\"b9b0a9\" style=\"--dominant-color: #b9b0a9;\" \/>    <\/div>\n    <div class=\"data-wrapper\">\n        <strong>\n            Philippe Lehmann                            <span class=\"position\">Membre de la direction<span>\n                    <\/strong>\n                    <span class=\"responsibility\">Responsable des ventes - Suisse romande &amp; Haut-Valais<\/span>\n                            <footer class=\"contact\">\n                                    <a href=\"mailto:philippe.lehmann@zesar.ch\" class=\"email\">philippe.lehmann@zesar.ch<\/a>\n                                                    <a href=\"tel:079 100 23 23\" class=\"phone\">079 100 23 23<\/a>\n                            <\/footer>\n            <\/div>\n<\/article>    <\/div><\/div>\n\n\n\n<div class=\"is-layout-constrained wp-block-group hide-on-desktop is-style-box has-white-background-color has-background\">\n<h4 class=\"has-primary-color has-text-color\">Visio-conf\u00e9rence<\/h4>\n\n\n\n<p>Nous pouvons aussi nous rencontrer virtuellement.<\/p>\n\n\n\n<div class=\"is-layout-flex wp-block-buttons\">\n<div class=\"wp-block-button is-style-small\"><a class=\"wp-block-button__link wp-element-button\" href=\"\/fr\/\">Planifier un rendez-vous<\/a><\/div>\n<\/div>\n<\/div>\n<\/div>\n<\/div>","protected":false},"excerpt":{"rendered":"<p>Referenzen Wir bringen gesunde Haltung und moderne Unterrichtsm\u00f6glichkeiten in Ihr Klassenzimmer. Qualitativ hochwertige Schulm\u00f6bel im modernen Design, die Ergonomie und Gesundheit im Blick haben, sind unsere Leidenschaft. Auch unsere individuellen Arbeitsplatzkonzepte sind auf die Kundenbed\u00fcrfnisse abgestimmt und f\u00f6rdern Gesundheit, Zufriedenheit und Produktivit\u00e4t. \u00dcberzeugen Sie sich selbst von den Ergebnissen.<\/p>","protected":false},"author":16,"featured_media":0,"parent":0,"menu_order":0,"comment_status":"closed","ping_status":"closed","template":"","meta":[],"acf":[],"_links":{"self":[{"href":"https:\/\/zesar.ch\/fr\/wp-json\/wp\/v2\/pages\/8723"}],"collection":[{"href":"https:\/\/zesar.ch\/fr\/wp-json\/wp\/v2\/pages"}],"about":[{"href":"https:\/\/zesar.ch\/fr\/wp-json\/wp\/v2\/types\/page"}],"author":[{"embeddable":true,"href":"https:\/\/zesar.ch\/fr\/wp-json\/wp\/v2\/users\/16"}],"replies":[{"embeddable":true,"href":"https:\/\/zesar.ch\/fr\/wp-json\/wp\/v2\/comments?post=8723"}],"version-history":[{"count":13,"href":"https:\/\/zesar.ch\/fr\/wp-json\/wp\/v2\/pages\/8723\/revisions"}],"predecessor-version":[{"id":11301,"href":"https:\/\/zesar.ch\/fr\/wp-json\/wp\/v2\/pages\/8723\/revisions\/11301"}],"wp:attachment":[{"href":"https:\/\/zesar.ch\/fr\/wp-json\/wp\/v2\/media?parent=8723"}],"curies":[{"name":"wp","href":"https:\/\/api.w.org\/{rel}","templated":true}]}}