{"id":3087,"date":"2022-10-23T11:25:38","date_gmt":"2022-10-23T09:25:38","guid":{"rendered":"https:\/\/zesar.dev.hayloft-it.ch\/?page_id=3087"},"modified":"2026-01-16T07:36:40","modified_gmt":"2026-01-16T06:36:40","slug":"arbeiten-bei-zesar-ch","status":"publish","type":"page","link":"https:\/\/zesar.ch\/fr\/entreprise\/travailler-chez-zesar-ch\/","title":{"rendered":"Travailler chez Zesar.ch"},"content":{"rendered":"<div class=\"is-layout-constrained wp-block-group alignfull header-with-title-lead-and-shifted-up-content\">\n<div class=\"is-layout-flex wp-container-3 wp-block-columns title-wrapper has-spacing-bottom\">\n<div class=\"is-layout-flow wp-block-column\">\n<h1>Travailler chez Zesar.ch&nbsp;&nbsp;<\/h1>\n\n\n\n<p>Chez Zesar.ch, nous voulons <strong>travailler autrement<\/strong>. L'humain et l'environnement sont toujours au centre de nos pr\u00e9occupations. Voici ce qui t'attend chez nous \u00e0 Tavannes (BE).<\/p>\n\n\n\n<div style=\"height:100px\" aria-hidden=\"true\" class=\"wp-block-spacer\"><\/div>\n\n\n<div class=\"wp-block-jobs align\">\n    \n            <p>Actuellement, nous n'avons pas de postes vacants, mais nous sommes toujours heureux de recevoir votre <a href=\"https:\/\/zesar.ch\/fr\/entreprise\/travailler-chez-zesar-ch\/candidature-spontanee\/\">Candidature spontan\u00e9e<\/a>.<\/p>\n    <\/div><\/div>\n\n\n\n<div class=\"is-layout-flow wp-block-column sidebar\"><\/div>\n<\/div>\n\n\n\n<div class=\"is-layout-constrained wp-block-group alignfull has-grey-to-light-grey-gradient-background has-background\">\n<div class=\"is-layout-flow wp-block-group alignwide is-shifted-up\">\n<div class=\"wp-block-cover is-light\"><span aria-hidden=\"true\" class=\"wp-block-cover__background has-background-dim\"><\/span><img data-dominant-color=\"bcafa9\" data-has-transparency=\"false\" decoding=\"async\" loading=\"lazy\" width=\"1680\" height=\"586\" class=\"not-transparent wp-block-cover__image-background wp-image-10769\" alt=\"\" src=\"https:\/\/zesar.ch\/wp-content\/uploads\/2025\/07\/v1.1_ZesarCH_SiteWeb_Mosaique_Collaborateur_Juillet2025_1680x586px-jpg.webp\" style=\"--dominant-color: #bcafa9; object-position:50% 37%\" data-object-fit=\"cover\" data-object-position=\"50% 37%\" srcset=\"https:\/\/zesar.ch\/wp-content\/uploads\/2025\/07\/v1.1_ZesarCH_SiteWeb_Mosaique_Collaborateur_Juillet2025_1680x586px-jpg.webp 1680w, https:\/\/zesar.ch\/wp-content\/uploads\/2025\/07\/v1.1_ZesarCH_SiteWeb_Mosaique_Collaborateur_Juillet2025_1680x586px-300x105.webp 300w, https:\/\/zesar.ch\/wp-content\/uploads\/2025\/07\/v1.1_ZesarCH_SiteWeb_Mosaique_Collaborateur_Juillet2025_1680x586px-1024x357.webp 1024w, https:\/\/zesar.ch\/wp-content\/uploads\/2025\/07\/v1.1_ZesarCH_SiteWeb_Mosaique_Collaborateur_Juillet2025_1680x586px-768x268.webp 768w, https:\/\/zesar.ch\/wp-content\/uploads\/2025\/07\/v1.1_ZesarCH_SiteWeb_Mosaique_Collaborateur_Juillet2025_1680x586px-1536x536.webp 1536w, https:\/\/zesar.ch\/wp-content\/uploads\/2025\/07\/v1.1_ZesarCH_SiteWeb_Mosaique_Collaborateur_Juillet2025_1680x586px-18x6.webp 18w, https:\/\/zesar.ch\/wp-content\/uploads\/2025\/07\/v1.1_ZesarCH_SiteWeb_Mosaique_Collaborateur_Juillet2025_1680x586px-350x122.webp 350w, https:\/\/zesar.ch\/wp-content\/uploads\/2025\/07\/v1.1_ZesarCH_SiteWeb_Mosaique_Collaborateur_Juillet2025_1680x586px-600x209.webp 600w\" sizes=\"(max-width: 1680px) 100vw, 1680px\" \/><div class=\"wp-block-cover__inner-container\">\n<p class=\"has-text-align-center has-large-font-size\"><\/p>\n<\/div><\/div>\n<\/div>\n\n\n\n<div style=\"height:100px\" aria-hidden=\"true\" class=\"wp-block-spacer\"><\/div>\n\n\n\n<div class=\"is-layout-flex wp-container-9 wp-block-columns\">\n<div class=\"is-layout-flow wp-block-column\" style=\"flex-basis:66.66%\">\n<h3>Du sens&nbsp;<\/h3>\n\n\n\n<p>Notre travail a du sens. Les solutions de mobilier que nous fabriquons sont flexibles et ergonomiques. Nos produits \u00e9vitent les dommages \u00e0 long terme dus \u00e0 une mauvaise posture. Nous contribuons ainsi activement \u00e0 ce que les personnes puissent mieux travailler et apprendre. Nous sommes particuli\u00e8rement fiers de notre impact dans le secteur de l'\u00e9ducation : notre mobilier scolaire ergonomique permet aux enfants de bouger librement tout en augmentant leur concentration.&nbsp;<\/p>\n\n\n\n<h3>Humanit\u00e9&nbsp;<\/h3>\n\n\n\n<p>Les personnes sont importantes pour nous. Notre avons une hi\u00e9rarchie plate. Nous communiquons par tutoiement, clairement et ouvertement. Tous les collaborateurs sont sur un pied d'\u00e9galit\u00e9. Chez nous, les opportunit\u00e9s et la diversification des collaborateurs ne sont pas des mots en l\u2019air. Nos mod\u00e8les de temps de travail sont individuels. Nous sommes motiv\u00e9s et travaillons de mani\u00e8re autonome. Des formations continues nous permettent de rester \u00e0 jour. Nous formons des apprentis dans quatre m\u00e9tiers et nous nous engageons pour la r\u00e9insertion de personnes socialement d\u00e9favoris\u00e9es.&nbsp;<\/p>\n\n\n\n<h3>Durabilit\u00e9&nbsp;<\/h3>\n\n\n\n<p>La protection de l'environnement est fermement ancr\u00e9e dans nos pens\u00e9es et nos actions. Nous misons sur l'\u00e9conomie circulaire et r\u00e9duisons en permanence notre impact sur l'environnement. Chaque fois que cela est possible, nous utilisons des mati\u00e8res premi\u00e8res r\u00e9gionales. Nous livrons nos meubles issus de notre production avec nos propres camions et n'utilisons aucun emballage.&nbsp;<\/p>\n\n\n\n<h3>P\u00e9rennit\u00e9&nbsp;<\/h3>\n\n\n\n<p>Nous utilisons les fonds g\u00e9n\u00e9r\u00e9s pour d\u00e9velopper des produits innovants et b\u00e9n\u00e9fiques pour la sant\u00e9, pour moderniser la production et pour renforcer notre position sur le march\u00e9. Avec <a href=\"https:\/\/www.pfister-beteiligungen.ch\" data-type=\"URL\" data-id=\"https:\/\/www.pfister-beteiligungen.ch\">F.G. Pfister Holding AG,<\/a> nous abordons l'avenir avec un partenaire solide.&nbsp;<\/p>\n<\/div>\n\n\n\n<div class=\"is-layout-flow wp-block-column\" style=\"flex-basis:33.33%\">\n<div class=\"is-layout-constrained wp-block-group is-style-box\">\n<h4>Postes \u00e0 pourvoir<\/h4>\n\n\n\n<p>Vous trouverez ici nos offres d'emploi actuelles.<\/p>\n\n\n\n<div class=\"is-layout-flex wp-block-buttons\">\n<div class=\"wp-block-button\"><a class=\"wp-block-button__link wp-element-button\" href=\"#offene-stellen\">Vers les postes ouverts<\/a><\/div>\n<\/div>\n<\/div>\n<\/div>\n<\/div>\n<\/div>\n<\/div>\n\n\n\n<div class=\"is-layout-constrained wp-block-group alignfull has-white-background-color has-background\">\n<div class=\"is-layout-constrained wp-container-12 wp-block-group\">\n<h2>Ce qui t'attend chez Zesar.ch&nbsp;<\/h2>\n\n\n\n<p class=\"has-medium-font-size\">Nos collaborateurs sont notre bien le plus pr\u00e9cieux. Nous aimons investir en eux et c'est pourquoi nous pouvons vous offrir les avantages suivants :<\/p>\n<\/div>\n\n\n\n<div class=\"wp-block-media-text is-stacked-on-mobile\"><figure class=\"wp-block-media-text__media\" data-no-zoom=\"true\"><img data-dominant-color=\"877874\" data-has-transparency=\"false\" style=\"--dominant-color: #877874;\" decoding=\"async\" loading=\"lazy\" width=\"1024\" height=\"741\" src=\"https:\/\/zesar.ch\/wp-content\/uploads\/2022\/11\/arbeiten-bei-zesar-benefits-1024x741.jpg\" alt=\"\" class=\"not-transparent wp-image-3948 size-full\" srcset=\"https:\/\/zesar.ch\/wp-content\/uploads\/2022\/11\/arbeiten-bei-zesar-benefits-1024x741.jpg 1024w, https:\/\/zesar.ch\/wp-content\/uploads\/2022\/11\/arbeiten-bei-zesar-benefits-350x253.webp 350w, https:\/\/zesar.ch\/wp-content\/uploads\/2022\/11\/arbeiten-bei-zesar-benefits-600x434.webp 600w, https:\/\/zesar.ch\/wp-content\/uploads\/2022\/11\/arbeiten-bei-zesar-benefits-300x217.jpg 300w, https:\/\/zesar.ch\/wp-content\/uploads\/2022\/11\/arbeiten-bei-zesar-benefits-768x555.jpg 768w, https:\/\/zesar.ch\/wp-content\/uploads\/2022\/11\/arbeiten-bei-zesar-benefits-jpg.webp 1080w\" sizes=\"(max-width: 1024px) 100vw, 1024px\" \/><\/figure><div class=\"wp-block-media-text__content\">\n<ul class=\"is-style-checkmarks\">\n<li>temps de travail individuels&nbsp;<\/li>\n\n\n\n<li>participation aux frais de formation continue&nbsp;<\/li>\n\n\n\n<li>des postes de travail modernes et ergonomiques&nbsp;<\/li>\n\n\n\n<li>un parc de machines moderne&nbsp;<\/li>\n\n\n\n<li>activit\u00e9s vari\u00e9es et \u00e0 responsabilit\u00e9&nbsp;<\/li>\n\n\n\n<li>syst\u00e8mes de bonus pour certaines fonctions&nbsp;<\/li>\n\n\n\n<li>une hi\u00e9rarchie plate et une culture du tutoiement&nbsp;<\/li>\n\n\n\n<li>bilan de comp\u00e9tences annuel&nbsp;<\/li>\n\n\n\n<li>langues d'exploitation : allemand et fran\u00e7ais&nbsp;<\/li>\n<\/ul>\n<\/div><\/div>\n<\/div>\n\n\n\n<div class=\"is-layout-constrained wp-block-group alignfull has-grey-to-light-grey-gradient-background has-background\">\n<div class=\"is-nowrap is-layout-flex wp-container-17 wp-block-group\">\n<div class=\"is-layout-flow wp-block-group incrementing-number\">\n<h6>23%<\/h6>\n\n\n\n<h4>taux f\u00e9minin<\/h4>\n<\/div>\n\n\n\n<div class=\"is-layout-flow wp-block-group incrementing-number\">\n<h6>60 <\/h6>\n\n\n\n<h4>Collaborateurs<\/h4>\n<\/div>\n\n\n\n<div class=\"is-layout-flow wp-block-group incrementing-number\">\n<h6>4<\/h6>\n\n\n\n<h4>M\u00e9tiers d'apprentissage&nbsp;<\/h4>\n<\/div>\n<\/div>\n<\/div>\n\n\n\n<div class=\"is-layout-constrained wp-block-group\">\n<figure class=\"is-layout-flex wp-block-gallery-19 wp-block-gallery has-nested-images columns-default is-cropped is-style-grid five-images-two-rows\">\n<figure class=\"wp-block-image size-large\"><img data-dominant-color=\"827768\" data-has-transparency=\"false\" style=\"--dominant-color: #827768;\" decoding=\"async\" loading=\"lazy\" width=\"915\" height=\"1024\" src=\"https:\/\/zesar.ch\/wp-content\/uploads\/2024\/02\/team-2-915x1024.webp\" alt=\"\" class=\"not-transparent wp-image-8073\" srcset=\"https:\/\/zesar.ch\/wp-content\/uploads\/2024\/02\/team-2-915x1024.webp 915w, https:\/\/zesar.ch\/wp-content\/uploads\/2024\/02\/team-2-268x300.webp 268w, https:\/\/zesar.ch\/wp-content\/uploads\/2024\/02\/team-2-768x860.webp 768w, https:\/\/zesar.ch\/wp-content\/uploads\/2024\/02\/team-2-11x12.webp 11w, https:\/\/zesar.ch\/wp-content\/uploads\/2024\/02\/team-2-350x392.webp 350w, https:\/\/zesar.ch\/wp-content\/uploads\/2024\/02\/team-2-600x671.webp 600w, https:\/\/zesar.ch\/wp-content\/uploads\/2024\/02\/team-2-jpg.webp 1284w\" sizes=\"(max-width: 915px) 100vw, 915px\" \/><\/figure>\n\n\n\n<figure class=\"wp-block-image size-large\"><img data-dominant-color=\"656051\" data-has-transparency=\"false\" style=\"--dominant-color: #656051;\" decoding=\"async\" loading=\"lazy\" width=\"1024\" height=\"669\" src=\"https:\/\/zesar.ch\/wp-content\/uploads\/2022\/12\/arbeiten-bei-zesar-1-1024x669.webp\" alt=\"\" class=\"not-transparent wp-image-5845\" srcset=\"https:\/\/zesar.ch\/wp-content\/uploads\/2022\/12\/arbeiten-bei-zesar-1-1024x669.webp 1024w, https:\/\/zesar.ch\/wp-content\/uploads\/2022\/12\/arbeiten-bei-zesar-1-300x196.webp 300w, https:\/\/zesar.ch\/wp-content\/uploads\/2022\/12\/arbeiten-bei-zesar-1-768x502.webp 768w, https:\/\/zesar.ch\/wp-content\/uploads\/2022\/12\/arbeiten-bei-zesar-1-1536x1004.webp 1536w, https:\/\/zesar.ch\/wp-content\/uploads\/2022\/12\/arbeiten-bei-zesar-1-2048x1338.webp 2048w, https:\/\/zesar.ch\/wp-content\/uploads\/2022\/12\/arbeiten-bei-zesar-1-18x12.webp 18w, https:\/\/zesar.ch\/wp-content\/uploads\/2022\/12\/arbeiten-bei-zesar-1-350x229.webp 350w, https:\/\/zesar.ch\/wp-content\/uploads\/2022\/12\/arbeiten-bei-zesar-1-600x392.webp 600w\" sizes=\"(max-width: 1024px) 100vw, 1024px\" \/><\/figure>\n\n\n\n<figure class=\"wp-block-image size-large\"><img data-dominant-color=\"776554\" data-has-transparency=\"false\" style=\"--dominant-color: #776554;\" decoding=\"async\" loading=\"lazy\" width=\"1024\" height=\"538\" src=\"https:\/\/zesar.ch\/wp-content\/uploads\/2022\/12\/arbeiten-bei-zesar-5-1-1024x538.webp\" alt=\"\" class=\"not-transparent wp-image-5847\" srcset=\"https:\/\/zesar.ch\/wp-content\/uploads\/2022\/12\/arbeiten-bei-zesar-5-1-1024x538.webp 1024w, https:\/\/zesar.ch\/wp-content\/uploads\/2022\/12\/arbeiten-bei-zesar-5-1-300x157.webp 300w, https:\/\/zesar.ch\/wp-content\/uploads\/2022\/12\/arbeiten-bei-zesar-5-1-768x403.webp 768w, https:\/\/zesar.ch\/wp-content\/uploads\/2022\/12\/arbeiten-bei-zesar-5-1-18x9.webp 18w, https:\/\/zesar.ch\/wp-content\/uploads\/2022\/12\/arbeiten-bei-zesar-5-1-350x184.webp 350w, https:\/\/zesar.ch\/wp-content\/uploads\/2022\/12\/arbeiten-bei-zesar-5-1-600x315.webp 600w, https:\/\/zesar.ch\/wp-content\/uploads\/2022\/12\/arbeiten-bei-zesar-5-1-jpg.webp 1284w\" sizes=\"(max-width: 1024px) 100vw, 1024px\" \/><\/figure>\n\n\n\n<figure class=\"wp-block-image size-full\"><img data-dominant-color=\"8c7d5e\" data-has-transparency=\"false\" style=\"--dominant-color: #8c7d5e;\" decoding=\"async\" loading=\"lazy\" width=\"827\" height=\"674\" src=\"https:\/\/zesar.ch\/wp-content\/uploads\/2024\/02\/team-1-jpg.webp\" alt=\"\" class=\"not-transparent wp-image-8074\" srcset=\"https:\/\/zesar.ch\/wp-content\/uploads\/2024\/02\/team-1-jpg.webp 827w, https:\/\/zesar.ch\/wp-content\/uploads\/2024\/02\/team-1-300x244.webp 300w, https:\/\/zesar.ch\/wp-content\/uploads\/2024\/02\/team-1-768x626.webp 768w, https:\/\/zesar.ch\/wp-content\/uploads\/2024\/02\/team-1-15x12.webp 15w, https:\/\/zesar.ch\/wp-content\/uploads\/2024\/02\/team-1-350x285.webp 350w, https:\/\/zesar.ch\/wp-content\/uploads\/2024\/02\/team-1-600x489.webp 600w\" sizes=\"(max-width: 827px) 100vw, 827px\" \/><\/figure>\n\n\n\n<figure class=\"wp-block-image size-large\"><img data-dominant-color=\"9c968d\" data-has-transparency=\"false\" style=\"--dominant-color: #9c968d;\" decoding=\"async\" loading=\"lazy\" width=\"1024\" height=\"538\" src=\"https:\/\/zesar.ch\/wp-content\/uploads\/2022\/12\/arbeiten-bei-zesar-3-1024x538.webp\" alt=\"\" class=\"not-transparent wp-image-5848\" srcset=\"https:\/\/zesar.ch\/wp-content\/uploads\/2022\/12\/arbeiten-bei-zesar-3-1024x538.webp 1024w, https:\/\/zesar.ch\/wp-content\/uploads\/2022\/12\/arbeiten-bei-zesar-3-300x157.webp 300w, https:\/\/zesar.ch\/wp-content\/uploads\/2022\/12\/arbeiten-bei-zesar-3-768x403.webp 768w, https:\/\/zesar.ch\/wp-content\/uploads\/2022\/12\/arbeiten-bei-zesar-3-18x9.webp 18w, https:\/\/zesar.ch\/wp-content\/uploads\/2022\/12\/arbeiten-bei-zesar-3-350x184.webp 350w, https:\/\/zesar.ch\/wp-content\/uploads\/2022\/12\/arbeiten-bei-zesar-3-600x315.webp 600w, https:\/\/zesar.ch\/wp-content\/uploads\/2022\/12\/arbeiten-bei-zesar-3-jpg.webp 1284w\" sizes=\"(max-width: 1024px) 100vw, 1024px\" \/><\/figure>\n<\/figure>\n\n\n\n<div style=\"height:100px\" aria-hidden=\"true\" class=\"wp-block-spacer\"><\/div>\n\n\n<div class=\"wp-block-testimonials blaze-slider align\" data-slides-to-show=\"1\">\n    <div class=\"blaze-container\">\n        <div class=\"blaze-track-container\">\n            <div class=\"blaze-track\">\n                                    <div class=\"wp-block-media-text is-stacked-on-mobile\">\n                                                    <figure class=\"wp-block-media-text__media\" data-no-zoom=\"true\">\n                                <img width=\"1024\" height=\"741\" src=\"https:\/\/zesar.ch\/wp-content\/uploads\/2022\/11\/Klaey-Yannick-1-1024x741.jpg\" class=\"attachment-large size-large not-transparent\" alt=\"\" decoding=\"async\" loading=\"lazy\" srcset=\"https:\/\/zesar.ch\/wp-content\/uploads\/2022\/11\/Klaey-Yannick-1-1024x741.jpg 1024w, https:\/\/zesar.ch\/wp-content\/uploads\/2022\/11\/Klaey-Yannick-1-350x253.webp 350w, https:\/\/zesar.ch\/wp-content\/uploads\/2022\/11\/Klaey-Yannick-1-600x434.webp 600w, https:\/\/zesar.ch\/wp-content\/uploads\/2022\/11\/Klaey-Yannick-1-300x217.jpg 300w, https:\/\/zesar.ch\/wp-content\/uploads\/2022\/11\/Klaey-Yannick-1-768x556.jpg 768w, https:\/\/zesar.ch\/wp-content\/uploads\/2022\/11\/Klaey-Yannick-1-jpg.webp 1080w\" sizes=\"(max-width: 1024px) 100vw, 1024px\" data-has-transparency=\"false\" data-dominant-color=\"b6afa9\" style=\"--dominant-color: #b6afa9;\" \/>                            <\/figure>\n                                                <div class=\"wp-block-media-text__content\">\n                            <blockquote>\n                                <p>Ce que j'appr\u00e9cie le plus chez Zesar, c'est l'ambiance de travail. La combinaison de la responsabilit\u00e9 personnelle et du travail en \u00e9quipe me pla\u00eet beaucoup. La production d'id\u00e9es et de produits innovants est \u00e9galement passionnante. L'autre jour, ma ni\u00e8ce et mon neveu ont parl\u00e9 avec enthousiasme des tables et des chaises que nous avons fabriqu\u00e9es \u00e0 l'\u00e9cole. C'est agr\u00e9able d'entendre comment les meubles sont appr\u00e9ci\u00e9s. Cela me motive beaucoup.<\/p>\n                                <cite>\n                                    <strong>Yannick Kl\u00e4y<\/strong>\n                                                                            Montage                                                                    <\/cite>\n                            <\/blockquote>\n                        <\/div>\n                    <\/div>\n                                    <div class=\"wp-block-media-text is-stacked-on-mobile\">\n                                                    <figure class=\"wp-block-media-text__media\" data-no-zoom=\"true\">\n                                <img width=\"1024\" height=\"741\" src=\"https:\/\/zesar.ch\/wp-content\/uploads\/2022\/11\/Mael-Bovy-1024x741.png\" class=\"attachment-large size-large not-transparent\" alt=\"\" decoding=\"async\" loading=\"lazy\" srcset=\"https:\/\/zesar.ch\/wp-content\/uploads\/2022\/11\/Mael-Bovy-1024x741.png 1024w, https:\/\/zesar.ch\/wp-content\/uploads\/2022\/11\/Mael-Bovy-350x253.png 350w, https:\/\/zesar.ch\/wp-content\/uploads\/2022\/11\/Mael-Bovy-600x434.png 600w, https:\/\/zesar.ch\/wp-content\/uploads\/2022\/11\/Mael-Bovy-300x217.png 300w, https:\/\/zesar.ch\/wp-content\/uploads\/2022\/11\/Mael-Bovy-768x556.png 768w, https:\/\/zesar.ch\/wp-content\/uploads\/2022\/11\/Mael-Bovy-18x12.png 18w, https:\/\/zesar.ch\/wp-content\/uploads\/2022\/11\/Mael-Bovy.png 1080w\" sizes=\"(max-width: 1024px) 100vw, 1024px\" data-has-transparency=\"false\" data-dominant-color=\"d2c6bc\" style=\"--dominant-color: #d2c6bc;\" \/>                            <\/figure>\n                                                <div class=\"wp-block-media-text__content\">\n                            <blockquote>\n                                <p>Je m\u2019appelle Ma\u00ebl Bovy, j\u2019ai 15 ans et je suis en apprentissage comme dessinateur constructeur industriel. C\u2019est ma premi\u00e8re ann\u00e9e et j\u2019ai d\u00e9j\u00e0 appris beaucoup de choses ! L\u2019ambiance dans le bureau est super et les gens sont \u00e0 l\u2019\u00e9coute. Apr\u00e8s un stage chez Zesar.ch AG, qui m'a bien plu, j'ai \u00e9t\u00e9 convaincu de faire ce m\u00e9tier.<\/p>\n                                <cite>\n                                    <strong>Ma\u00ebl Bovi<\/strong>\n                                                                            Apprenti dessinateur constructeur industriel                                                                    <\/cite>\n                            <\/blockquote>\n                        <\/div>\n                    <\/div>\n                                    <div class=\"wp-block-media-text is-stacked-on-mobile\">\n                                                    <figure class=\"wp-block-media-text__media\" data-no-zoom=\"true\">\n                                <img width=\"1024\" height=\"741\" src=\"https:\/\/zesar.ch\/wp-content\/uploads\/2022\/11\/Sabine-Baumann-1024x741.png\" class=\"attachment-large size-large not-transparent\" alt=\"\" decoding=\"async\" loading=\"lazy\" srcset=\"https:\/\/zesar.ch\/wp-content\/uploads\/2022\/11\/Sabine-Baumann-1024x741.png 1024w, https:\/\/zesar.ch\/wp-content\/uploads\/2022\/11\/Sabine-Baumann-350x253.png 350w, https:\/\/zesar.ch\/wp-content\/uploads\/2022\/11\/Sabine-Baumann-600x434.png 600w, https:\/\/zesar.ch\/wp-content\/uploads\/2022\/11\/Sabine-Baumann-300x217.png 300w, https:\/\/zesar.ch\/wp-content\/uploads\/2022\/11\/Sabine-Baumann-768x556.png 768w, https:\/\/zesar.ch\/wp-content\/uploads\/2022\/11\/Sabine-Baumann-18x12.png 18w, https:\/\/zesar.ch\/wp-content\/uploads\/2022\/11\/Sabine-Baumann.png 1080w\" sizes=\"(max-width: 1024px) 100vw, 1024px\" data-has-transparency=\"false\" data-dominant-color=\"c9bbaf\" style=\"--dominant-color: #c9bbaf;\" \/>                            <\/figure>\n                                                <div class=\"wp-block-media-text__content\">\n                            <blockquote>\n                                <p>L\u2019entreprise Zesar m\u2019offre une place de travail polyvalente et vari\u00e9e. J\u2019appr\u00e9cie l\u2019atmosph\u00e8re et j\u2019aime beaucoup pouvoir r\u00e9partir mes t\u00e2ches de mani\u00e8re autonome. Chez Zesar, chaque jour, j\u2019ai la chance de pouvoir approfondir mes connaissances.  De pouvoir garantir \u00e0 nos clients un service de qualit\u00e9, m\u2019apporte une grande satisfaction. Je me r\u00e9jouis d\u00e9j\u00e0 de demain!<\/p>\n                                <cite>\n                                    <strong>Sabine Baumann<\/strong>\n                                                                            Responsable Administration                                                                    <\/cite>\n                            <\/blockquote>\n                        <\/div>\n                    <\/div>\n                                    <div class=\"wp-block-media-text is-stacked-on-mobile\">\n                                                    <figure class=\"wp-block-media-text__media\" data-no-zoom=\"true\">\n                                <img width=\"1024\" height=\"741\" src=\"https:\/\/zesar.ch\/wp-content\/uploads\/2022\/11\/Burdet-Alexandre-1-1024x741.jpg\" class=\"attachment-large size-large not-transparent\" alt=\"\" decoding=\"async\" loading=\"lazy\" srcset=\"https:\/\/zesar.ch\/wp-content\/uploads\/2022\/11\/Burdet-Alexandre-1-1024x741.jpg 1024w, https:\/\/zesar.ch\/wp-content\/uploads\/2022\/11\/Burdet-Alexandre-1-350x253.webp 350w, https:\/\/zesar.ch\/wp-content\/uploads\/2022\/11\/Burdet-Alexandre-1-600x434.webp 600w, https:\/\/zesar.ch\/wp-content\/uploads\/2022\/11\/Burdet-Alexandre-1-300x217.jpg 300w, https:\/\/zesar.ch\/wp-content\/uploads\/2022\/11\/Burdet-Alexandre-1-768x556.jpg 768w, https:\/\/zesar.ch\/wp-content\/uploads\/2022\/11\/Burdet-Alexandre-1-jpg.webp 1080w\" sizes=\"(max-width: 1024px) 100vw, 1024px\" data-has-transparency=\"false\" data-dominant-color=\"d0b7a1\" style=\"--dominant-color: #d0b7a1;\" \/>                            <\/figure>\n                                                <div class=\"wp-block-media-text__content\">\n                            <blockquote>\n                                <p>Mon travail chez Zesar est motivant car chaque nouveau d\u00e9veloppement est un nouveau d\u00e9fi \u00e0 relever. L\u2019entreprise met \u00e0 disposition tous les outils n\u00e9cessaires pour \u00eatre le plus performant possible que ce soit en termes de syst\u00e8me de conception ou de formations continues sur les nouvelles technologies. Zesar est une entreprise moderne qui me permet d\u2019\u00eatre en constante \u00e9volution sur le plan professionnel et personnel.<\/p>\n                                <cite>\n                                    <strong>Alexandre Burdet<\/strong>\n                                                                            Dessinateur &amp; Constructeur \/ Responsable apprentis                                                                    <\/cite>\n                            <\/blockquote>\n                        <\/div>\n                    <\/div>\n                            <\/div>\n            <div class=\"blaze-controls\">\n                <div class=\"blaze-pagination\"><\/div>\n                <div class=\"blaze-buttons\">\n                    <button class=\"blaze-prev\"><\/button>\n                    <button class=\"blaze-next\"><\/button>\n                <\/div>\n            <\/div>\n        <\/div>\n    <\/div>\n<\/div><\/div>\n\n\n\n<div class=\"is-layout-constrained wp-block-group alignfull has-grey-to-light-grey-gradient-background has-background\" id=\"offene-stellen\">\n<div class=\"is-layout-flow wp-block-group is-style-narrow\">\n<h2>Postes \u00e0 pourvoir<\/h2>\n\n\n\n<p class=\"has-medium-font-size\">Nous nous r\u00e9jouissons de recevoir votre candidature, en toute simplicit\u00e9 via notre site Internet.<\/p>\n\n\n<div class=\"wp-block-jobs align\">\n    \n            <p>Actuellement, nous n'avons pas de postes vacants, mais nous sommes toujours heureux de recevoir votre <a href=\"https:\/\/zesar.ch\/fr\/unternehmen\/arbeiten-bei-zesar-ch\/ihre-spontanbewerbung\/\">Candidature spontan\u00e9e<\/a>.<\/p>\n    <\/div>\n\n\n<div style=\"height:100px\" aria-hidden=\"true\" class=\"wp-block-spacer\"><\/div>\n\n\n\n<div style=\"height:100px\" aria-hidden=\"true\" class=\"wp-block-spacer\"><\/div>\n\n\n\n<div class=\"is-layout-constrained wp-block-group is-style-narrow\">\n<h2>Candidature spontan\u00e9e<\/h2>\n\n\n\n<p class=\"has-medium-font-size\">Pour Zesar.ch, les personnes sont plus importantes que les comp\u00e9tences appropri\u00e9es. Vous \u00eates engag\u00e9(e) et souhaitez travailler avec nous pour promouvoir une attitude saine et des meubles durables dans l'industrie et l'\u00e9ducation ? Dans ce cas, nous nous r\u00e9jouissons de recevoir votre candidature spontan\u00e9e et de trouver ensemble un poste adapt\u00e9 \u00e0 vos comp\u00e9tences.<\/p>\n\n\n\n<div class=\"is-layout-flex wp-block-buttons\">\n<div class=\"wp-block-button\"><a class=\"wp-block-button__link wp-element-button\" href=\"https:\/\/zesar.ch\/fr\/entreprise\/travailler-chez-zesar-ch\/candidature-spontanee\/\">Candidature spontan\u00e9e<\/a><\/div>\n<\/div>\n<\/div>\n<\/div>\n<\/div>\n\n\n\n<div class=\"is-layout-constrained wp-block-group alignfull\">\n<div class=\"wp-block-media-text is-stacked-on-mobile\"><figure class=\"wp-block-media-text__media\" data-no-zoom=\"true\"><img data-dominant-color=\"bbb2aa\" data-has-transparency=\"false\" style=\"--dominant-color: #bbb2aa;\" decoding=\"async\" loading=\"lazy\" width=\"1024\" height=\"741\" src=\"https:\/\/zesar.ch\/wp-content\/uploads\/2022\/11\/Burdet-Celine-1024x741.jpg\" alt=\"\" class=\"not-transparent wp-image-4053 size-full\" srcset=\"https:\/\/zesar.ch\/wp-content\/uploads\/2022\/11\/Burdet-Celine-1024x741.jpg 1024w, https:\/\/zesar.ch\/wp-content\/uploads\/2022\/11\/Burdet-Celine-350x253.webp 350w, https:\/\/zesar.ch\/wp-content\/uploads\/2022\/11\/Burdet-Celine-600x434.webp 600w, https:\/\/zesar.ch\/wp-content\/uploads\/2022\/11\/Burdet-Celine-300x217.jpg 300w, https:\/\/zesar.ch\/wp-content\/uploads\/2022\/11\/Burdet-Celine-768x556.jpg 768w, https:\/\/zesar.ch\/wp-content\/uploads\/2022\/11\/Burdet-Celine-jpg.webp 1080w\" sizes=\"(max-width: 1024px) 100vw, 1024px\" \/><\/figure><div class=\"wp-block-media-text__content\">\n<h3>Votre contact<\/h3>\n\n\n\n<p class=\"has-base-color has-text-color has-medium-font-size\">Vous souhaitez en savoir plus sur nous en tant qu\u2019employeur ou vous avez une question concernant un poste vacant ?<br><br>Votre personne de contact<\/p>\n\n\n\n<p><strong>C\u00e9line Beuret<\/strong><br>Responsable comptabilit\u00e9 &amp; ressources humaines<\/p>\n\n\n\n<p><a href=\"mailto:info@zesar.ch\u00a0\u00a0\">rh@zesar.ch<\/a><\/p>\n\n\n\n<p><a href=\"tel: 41 32 482 68 01\" data-type=\"tel\">+41 32 482 68 01<\/a><\/p>\n<\/div><\/div>\n<\/div>","protected":false},"excerpt":{"rendered":"<p>Dein Job bei Zesar.ch&nbsp;&nbsp; Bei Zesar.ch wollen wir anders arbeiten. Mensch und Umwelt stehen stets im Zentrum unseres Handelns. Das erwartet Dich bei uns in Tavannes (BE). Sinnhaftigkeit&nbsp; Unsere Arbeit ist sinnvoll. Die Mobiliarl\u00f6sungen, die wir herstellen, sind flexibel und ergonomisch. Unsere Produkte verhindern Langzeitsch\u00e4den durch Fehlhaltungen. Wir tragen damit aktiv dazu bei, dass Menschen [&hellip;]<\/p>","protected":false},"author":16,"featured_media":0,"parent":439,"menu_order":0,"comment_status":"closed","ping_status":"closed","template":"","meta":[],"acf":[],"_links":{"self":[{"href":"https:\/\/zesar.ch\/fr\/wp-json\/wp\/v2\/pages\/3087"}],"collection":[{"href":"https:\/\/zesar.ch\/fr\/wp-json\/wp\/v2\/pages"}],"about":[{"href":"https:\/\/zesar.ch\/fr\/wp-json\/wp\/v2\/types\/page"}],"author":[{"embeddable":true,"href":"https:\/\/zesar.ch\/fr\/wp-json\/wp\/v2\/users\/16"}],"replies":[{"embeddable":true,"href":"https:\/\/zesar.ch\/fr\/wp-json\/wp\/v2\/comments?post=3087"}],"version-history":[{"count":86,"href":"https:\/\/zesar.ch\/fr\/wp-json\/wp\/v2\/pages\/3087\/revisions"}],"predecessor-version":[{"id":11281,"href":"https:\/\/zesar.ch\/fr\/wp-json\/wp\/v2\/pages\/3087\/revisions\/11281"}],"up":[{"embeddable":true,"href":"https:\/\/zesar.ch\/fr\/wp-json\/wp\/v2\/pages\/439"}],"wp:attachment":[{"href":"https:\/\/zesar.ch\/fr\/wp-json\/wp\/v2\/media?parent=3087"}],"curies":[{"name":"wp","href":"https:\/\/api.w.org\/{rel}","templated":true}]}}