{"id":2883,"date":"2022-10-20T09:02:38","date_gmt":"2022-10-20T07:02:38","guid":{"rendered":"https:\/\/zesar.dev.hayloft-it.ch\/?page_id=2883"},"modified":"2025-09-30T15:55:04","modified_gmt":"2025-09-30T13:55:04","slug":"ergonomie","status":"publish","type":"page","link":"https:\/\/zesar.ch\/fr\/points-forts\/ergonomique\/","title":{"rendered":"Ergonomie"},"content":{"rendered":"<div class=\"is-layout-constrained wp-container-1 wp-block-group alignfull\">\n<h1>Une bonne posture gr\u00e2ce \u00e0 l'approche ergonomique<\/h1>\n\n\n\n<p>Lors de la conception de nouveaux meubles, nous travaillons en \u00e9troite collaboration avec notre partenaire sp\u00e9cialis\u00e9 ergoexpert SA (Tavannes, BE). Les ing\u00e9nieurs en ergonomie v\u00e9rifient que nos conceptions r\u00e9pondent \u00e0 toutes les exigences physiques et cognitives d'un poste de travail ergonomique. <\/p>\n<\/div>\n\n\n\n<div class=\"is-layout-constrained wp-block-group alignfull has-grey-to-light-grey-gradient-background has-background\">\n<div class=\"is-layout-constrained wp-container-2 wp-block-group has-spacing-top\">\n<p>Nous faisons \u00e9galement appel \u00e0 des sp\u00e9cialistes de la physioth\u00e9rapie et de la chiropratique. C'est ainsi que naissent des produits comme notre chaise Dynasit, qui a re\u00e7u le Worlddidac Award : Elle permet des micromouvements et soutient la colonne vert\u00e9brale et le tronc de mani\u00e8re optimale dans chaque position assise.<\/p>\n\n\n\n<p>Pour que tous nos produits r\u00e9pondent aux exigences actuelles en mati\u00e8re d'assise saine et ergonomique, les anciens d\u00e9veloppements sont constamment adapt\u00e9s aux nouvelles connaissances.<\/p>\n<\/div>\n\n\n\n<div class=\"wp-block-media-text is-stacked-on-mobile\"><figure class=\"wp-block-media-text__media\" data-no-zoom=\"true\"><img data-dominant-color=\"b7b2a1\" data-has-transparency=\"false\" style=\"--dominant-color: #b7b2a1;\" decoding=\"async\" loading=\"lazy\" width=\"1024\" height=\"714\" src=\"https:\/\/zesar.ch\/wp-content\/uploads\/2022\/11\/zesar-ergonomie-schulmoebel-1024x714.webp\" alt=\"\" class=\"not-transparent wp-image-5210 size-full\" srcset=\"https:\/\/zesar.ch\/wp-content\/uploads\/2022\/11\/zesar-ergonomie-schulmoebel-1024x714.webp 1024w, https:\/\/zesar.ch\/wp-content\/uploads\/2022\/11\/zesar-ergonomie-schulmoebel-300x209.webp 300w, https:\/\/zesar.ch\/wp-content\/uploads\/2022\/11\/zesar-ergonomie-schulmoebel-768x536.webp 768w, https:\/\/zesar.ch\/wp-content\/uploads\/2022\/11\/zesar-ergonomie-schulmoebel-18x12.webp 18w, https:\/\/zesar.ch\/wp-content\/uploads\/2022\/11\/zesar-ergonomie-schulmoebel-350x244.webp 350w, https:\/\/zesar.ch\/wp-content\/uploads\/2022\/11\/zesar-ergonomie-schulmoebel-600x419.webp 600w, https:\/\/zesar.ch\/wp-content\/uploads\/2022\/11\/zesar-ergonomie-schulmoebel-jpg.webp 1141w\" sizes=\"(max-width: 1024px) 100vw, 1024px\" \/><\/figure><div class=\"wp-block-media-text__content\">\n<ul class=\"is-style-checkmarks\">\n<li>Sant\u00e9 &amp; pr\u00e9vention - Notre mobilier ergonomique a un effet positif sur la sant\u00e9 au travail et \u00e0 l'\u00e9cole ainsi les dommages \u00e0 long terme dus \u00e0 une mauvaise posture sont \u00e9vit\u00e9s.<\/li>\n\n\n\n<li>Soulagement - notre mobilier soutient et facilite le travail en position forc\u00e9e.<\/li>\n\n\n\n<li>Recrutement et fid\u00e9lisation du personnel - Gr\u00e2ce \u00e0 des postes de travail agr\u00e9ables et ergonomiques, les entreprises deviennent des employeurs attrayants, m\u00eame \u00e0 long terme.<\/li>\n\n\n\n<li>Efficacit\u00e9 et productivit\u00e9 - Le mobilier ergonomique augmente la concentration et la performance.<\/li>\n\n\n\n<li>Droit - La mise \u00e0 disposition de postes de travail ergonomiques est prescrite par la loi sur le travail (art.26\/27).<\/li>\n<\/ul>\n<\/div><\/div>\n<\/div>\n\n\n\n<div class=\"is-layout-constrained wp-block-group alignfull has-white-background-color has-background\">\n<div class=\"is-layout-flow wp-block-group title-and-content-with-box\">\n<h2>Synergies<\/h2>\n\n\n\n<div class=\"is-layout-flex wp-container-7 wp-block-columns\">\n<div class=\"is-layout-flow wp-block-column\">\n<p>Avec les entreprises ergoexpert et Agytec, nous ne partageons pas seulement notre site \u00e0 Tavannes (BE). Nous travaillons aussi en \u00e9troite collaboration pour le bien de nos clients. Les ing\u00e9nieurs d'ergoexpert AG partagent avec nous leur expertise dans le domaine de l'ergonomie. Le site commun de Tavannes rend cette collaboration particuli\u00e8rement efficace. Dans notre ergoAcademy commune, nous r\u00e9unissons la force des sp\u00e9cialistes de l'\u00e9clairage, de l'acoustique, de la r\u00e9alit\u00e9 virtuelle, des moyens auxiliaires et du mobilier.<\/p>\n<\/div>\n\n\n\n<div class=\"is-layout-flow wp-block-column has-white-background-color has-background\">\n<figure class=\"wp-block-image aligncenter size-full\"><img decoding=\"async\" src=\"https:\/\/zesar.ch\/wp-content\/uploads\/2022\/10\/logo-ergoexpert.svg\" alt=\"\" class=\"wp-image-2894\"\/><\/figure>\n\n\n\n<div class=\"is-content-justification-center is-layout-flex wp-container-5 wp-block-buttons\">\n<div class=\"wp-block-button is-style-small\"><a class=\"wp-block-button__link wp-element-button\" href=\"https:\/\/ergoexpert.ch\/fr\/\">en savoir plus sur ergoexpert<\/a><\/div>\n<\/div>\n<\/div>\n<\/div>\n<\/div>\n\n\n\n<div class=\"wp-block-cover\"><span aria-hidden=\"true\" class=\"wp-block-cover__background has-background-dim-0 has-background-dim\"><\/span><img data-dominant-color=\"6b675e\" data-has-transparency=\"false\" style=\"--dominant-color: #6b675e;\" decoding=\"async\" class=\"not-transparent wp-block-cover__image-background wp-image-2895\" alt=\"\" src=\"https:\/\/zesar.ch\/wp-content\/uploads\/2022\/10\/ergoexpert-partner-ergonomie-arbeitsplatz.jpg\" data-object-fit=\"cover\"\/><div class=\"wp-block-cover__inner-container\">\n<p class=\"has-text-align-center has-large-font-size\"><\/p>\n<\/div><\/div>\n<\/div>\n\n\n\n<div class=\"is-layout-flow wp-block-group alignfull has-grey-to-light-grey-gradient-background has-background\">\n<div class=\"is-layout-constrained wp-block-group alignwide contact-persons\">\n<div class=\"is-layout-constrained wp-block-group\">\n<h2>Pouvons-nous \u00e9galement \u00e9quiper vos locaux ?<\/h2>\n\n\n\n<p class=\"has-medium-font-size\">Notre \u00e9quipe se tient \u00e0 votre disposition pour r\u00e9pondre \u00e0 vos questions.<\/p>\n<\/div>\n\n\n\n<div style=\"height:100px\" aria-hidden=\"true\" class=\"wp-block-spacer\"><\/div>\n\n\n\n<div class=\"is-layout-constrained wp-block-group alignwide\">\n<h3>Vos contacts<\/h3>\n\n\n<div id=\"block_4079c13d6bc3eec1eb1179d4d6235ddc\" class=\"wp-block-employees alignwide\">\n            <article class=\"post-721 employee type-employee status-publish hentry department-verkauf employee_cat-ansprechpartner-bildung\" data-categories=\"verkauf\">\n    <div class=\"image-wrapper\">\n        <img width=\"1024\" height=\"741\" src=\"https:\/\/zesar.ch\/wp-content\/uploads\/2022\/10\/Czemp-1024x741.png\" class=\"attachment-large size-large not-transparent\" alt=\"\" decoding=\"async\" loading=\"lazy\" srcset=\"https:\/\/zesar.ch\/wp-content\/uploads\/2022\/10\/Czemp-1024x741.png 1024w, https:\/\/zesar.ch\/wp-content\/uploads\/2022\/10\/Czemp-350x253.png 350w, https:\/\/zesar.ch\/wp-content\/uploads\/2022\/10\/Czemp-600x434.png 600w, https:\/\/zesar.ch\/wp-content\/uploads\/2022\/10\/Czemp-300x217.png 300w, https:\/\/zesar.ch\/wp-content\/uploads\/2022\/10\/Czemp-768x556.png 768w, https:\/\/zesar.ch\/wp-content\/uploads\/2022\/10\/Czemp-18x12.png 18w, https:\/\/zesar.ch\/wp-content\/uploads\/2022\/10\/Czemp.png 1080w\" sizes=\"(max-width: 1024px) 100vw, 1024px\" data-has-transparency=\"false\" data-dominant-color=\"cdc6c0\" style=\"--dominant-color: #cdc6c0;\" \/>    <\/div>\n    <div class=\"data-wrapper\">\n        <strong>\n            Christof Zemp                    <\/strong>\n                    <span class=\"responsibility\">Conseiller de vente \u2013 Suisse al\u00e9manique - Est, Nord-Est et Suisse centrale<\/span>\n                            <footer class=\"contact\">\n                                    <a href=\"mailto:christof.zemp@zesar.ch\" class=\"email\">christof.zemp@zesar.ch<\/a>\n                                                    <a href=\"tel:079 100 41 41\" class=\"phone\">079 100 41 41<\/a>\n                            <\/footer>\n            <\/div>\n<\/article>            <article class=\"post-8767 employee type-employee status-publish hentry department-verkauf employee_cat-ansprechpartner-bildung\" data-categories=\"verkauf\">\n    <div class=\"image-wrapper\">\n        <img width=\"1024\" height=\"741\" src=\"https:\/\/zesar.ch\/wp-content\/uploads\/2024\/08\/xavier-pillonel.png\" class=\"attachment-large size-large not-transparent\" alt=\"\" decoding=\"async\" loading=\"lazy\" srcset=\"https:\/\/zesar.ch\/wp-content\/uploads\/2024\/08\/xavier-pillonel.png 1024w, https:\/\/zesar.ch\/wp-content\/uploads\/2024\/08\/xavier-pillonel-300x217.png 300w, https:\/\/zesar.ch\/wp-content\/uploads\/2024\/08\/xavier-pillonel-768x556.png 768w, https:\/\/zesar.ch\/wp-content\/uploads\/2024\/08\/xavier-pillonel-18x12.png 18w, https:\/\/zesar.ch\/wp-content\/uploads\/2024\/08\/xavier-pillonel-350x253.png 350w, https:\/\/zesar.ch\/wp-content\/uploads\/2024\/08\/xavier-pillonel-600x434.png 600w\" sizes=\"(max-width: 1024px) 100vw, 1024px\" data-has-transparency=\"false\" data-dominant-color=\"bcb7b4\" style=\"--dominant-color: #bcb7b4;\" \/>    <\/div>\n    <div class=\"data-wrapper\">\n        <strong>\n            Xavier Pillonel                    <\/strong>\n                    <span class=\"responsibility\">Conseiller de vente - mobilier scolaire - Cantons de Gen\u00e8ve et Vaud<\/span>\n                            <footer class=\"contact\">\n                                    <a href=\"mailto:xavier.pillonel@zesar.ch\" class=\"email\">xavier.pillonel@zesar.ch<\/a>\n                                                    <a href=\"tel:079 175 89 29\" class=\"phone\">079 175 89 29<\/a>\n                            <\/footer>\n            <\/div>\n<\/article>            <article class=\"post-10917 employee type-employee status-publish hentry department-verkauf employee_cat-ansprechpartner-industrie\" data-categories=\"verkauf\">\n    <div class=\"image-wrapper\">\n        <img width=\"1024\" height=\"741\" src=\"https:\/\/zesar.ch\/wp-content\/uploads\/2025\/09\/v3_Hajda_Astrit_2025_Portrait_ZesarCH_Web-1024x741.png\" class=\"attachment-large size-large not-transparent\" alt=\"\" decoding=\"async\" loading=\"lazy\" srcset=\"https:\/\/zesar.ch\/wp-content\/uploads\/2025\/09\/v3_Hajda_Astrit_2025_Portrait_ZesarCH_Web-1024x741.png 1024w, https:\/\/zesar.ch\/wp-content\/uploads\/2025\/09\/v3_Hajda_Astrit_2025_Portrait_ZesarCH_Web-300x217.png 300w, https:\/\/zesar.ch\/wp-content\/uploads\/2025\/09\/v3_Hajda_Astrit_2025_Portrait_ZesarCH_Web-768x556.png 768w, https:\/\/zesar.ch\/wp-content\/uploads\/2025\/09\/v3_Hajda_Astrit_2025_Portrait_ZesarCH_Web-18x12.png 18w, https:\/\/zesar.ch\/wp-content\/uploads\/2025\/09\/v3_Hajda_Astrit_2025_Portrait_ZesarCH_Web-350x253.png 350w, https:\/\/zesar.ch\/wp-content\/uploads\/2025\/09\/v3_Hajda_Astrit_2025_Portrait_ZesarCH_Web-600x434.png 600w, https:\/\/zesar.ch\/wp-content\/uploads\/2025\/09\/v3_Hajda_Astrit_2025_Portrait_ZesarCH_Web.png 1080w\" sizes=\"(max-width: 1024px) 100vw, 1024px\" data-has-transparency=\"false\" data-dominant-color=\"cfc9c3\" style=\"--dominant-color: #cfc9c3;\" \/>    <\/div>\n    <div class=\"data-wrapper\">\n        <strong>\n            Astrit Hajda                    <\/strong>\n                    <span class=\"responsibility\">Conseiller de vente \u2013 Industrie \u2013 Romandie<\/span>\n                            <footer class=\"contact\">\n                                    <a href=\"mailto:astrit.hajda@zesar.ch\" class=\"email\">astrit.hajda@zesar.ch<\/a>\n                                                    <a href=\"tel:079 901 25 45\" class=\"phone\">079 901 25 45<\/a>\n                            <\/footer>\n            <\/div>\n<\/article>            <article class=\"post-717 employee type-employee status-publish hentry department-geschaeftsleitung department-verkauf employee_cat-ansprechpartner-bildung employee_cat-ansprechpartner-industrie\" data-categories=\"geschaeftsleitung verkauf\">\n    <div class=\"image-wrapper\">\n        <img width=\"1024\" height=\"741\" src=\"https:\/\/zesar.ch\/wp-content\/uploads\/2022\/10\/Philippe-lehmann-1-1024x741.png\" class=\"attachment-large size-large has-transparency\" alt=\"\" decoding=\"async\" loading=\"lazy\" srcset=\"https:\/\/zesar.ch\/wp-content\/uploads\/2022\/10\/Philippe-lehmann-1-1024x741.png 1024w, https:\/\/zesar.ch\/wp-content\/uploads\/2022\/10\/Philippe-lehmann-1-300x217.png 300w, https:\/\/zesar.ch\/wp-content\/uploads\/2022\/10\/Philippe-lehmann-1-768x556.png 768w, https:\/\/zesar.ch\/wp-content\/uploads\/2022\/10\/Philippe-lehmann-1-18x12.png 18w, https:\/\/zesar.ch\/wp-content\/uploads\/2022\/10\/Philippe-lehmann-1-350x253.png 350w, https:\/\/zesar.ch\/wp-content\/uploads\/2022\/10\/Philippe-lehmann-1-600x434.png 600w, https:\/\/zesar.ch\/wp-content\/uploads\/2022\/10\/Philippe-lehmann-1.png 1080w\" sizes=\"(max-width: 1024px) 100vw, 1024px\" data-has-transparency=\"true\" data-dominant-color=\"b9b0a9\" style=\"--dominant-color: #b9b0a9;\" \/>    <\/div>\n    <div class=\"data-wrapper\">\n        <strong>\n            Philippe Lehmann                            <span class=\"position\">Membre de la direction<span>\n                    <\/strong>\n                    <span class=\"responsibility\">Responsable des ventes - Suisse romande &amp; Haut-Valais<\/span>\n                            <footer class=\"contact\">\n                                    <a href=\"mailto:philippe.lehmann@zesar.ch\" class=\"email\">philippe.lehmann@zesar.ch<\/a>\n                                                    <a href=\"tel:079 100 23 23\" class=\"phone\">079 100 23 23<\/a>\n                            <\/footer>\n            <\/div>\n<\/article>            <article class=\"post-715 employee type-employee status-publish hentry department-verkauf employee_cat-ansprechpartner-bildung\" data-categories=\"verkauf\">\n    <div class=\"image-wrapper\">\n        <img width=\"1024\" height=\"741\" src=\"https:\/\/zesar.ch\/wp-content\/uploads\/2022\/10\/Anita-Althaus-1024x741.png\" class=\"attachment-large size-large not-transparent\" alt=\"\" decoding=\"async\" loading=\"lazy\" srcset=\"https:\/\/zesar.ch\/wp-content\/uploads\/2022\/10\/Anita-Althaus-1024x741.png 1024w, https:\/\/zesar.ch\/wp-content\/uploads\/2022\/10\/Anita-Althaus-350x253.png 350w, https:\/\/zesar.ch\/wp-content\/uploads\/2022\/10\/Anita-Althaus-600x434.png 600w, https:\/\/zesar.ch\/wp-content\/uploads\/2022\/10\/Anita-Althaus-300x217.png 300w, https:\/\/zesar.ch\/wp-content\/uploads\/2022\/10\/Anita-Althaus-768x556.png 768w, https:\/\/zesar.ch\/wp-content\/uploads\/2022\/10\/Anita-Althaus-18x12.png 18w, https:\/\/zesar.ch\/wp-content\/uploads\/2022\/10\/Anita-Althaus.png 1080w\" sizes=\"(max-width: 1024px) 100vw, 1024px\" data-has-transparency=\"false\" data-dominant-color=\"c2bbb5\" style=\"--dominant-color: #c2bbb5;\" \/>    <\/div>\n    <div class=\"data-wrapper\">\n        <strong>\n            Anita Althaus                    <\/strong>\n                    <span class=\"responsibility\">Conseill\u00e8re de vente - Suisse al\u00e9manique \u2013 Cantons de Berne et Fribourg<\/span>\n                            <footer class=\"contact\">\n                                    <a href=\"mailto:anita.althaus@zesar.ch\" class=\"email\">anita.althaus@zesar.ch<\/a>\n                                                    <a href=\"tel:079 797 59 65\" class=\"phone\">079 797 59 65<\/a>\n                            <\/footer>\n            <\/div>\n<\/article>    <\/div><\/div>\n\n\n\n<div class=\"is-layout-constrained wp-block-group hide-on-desktop is-style-box has-white-background-color has-background\">\n<h4 class=\"has-primary-color has-text-color\">Visio-conf\u00e9rence<\/h4>\n\n\n\n<p>Nous pouvons aussi nous rencontrer virtuellement.<\/p>\n\n\n\n<div class=\"is-layout-flex wp-block-buttons\">\n<div class=\"wp-block-button is-style-small\"><a class=\"wp-block-button__link wp-element-button\" href=\"\/fr\/\">Planifier un rendez-vous<\/a><\/div>\n<\/div>\n<\/div>\n<\/div>\n<\/div>","protected":false},"excerpt":{"rendered":"<p>Gute Haltung dank ergonomischem Ansatz Bei der Entwicklung neuer M\u00f6belst\u00fccke arbeiten wir eng mit unserem Fachpartner ergoexpert (Tavannes, BE) zusammen. Die Ergonomie-Ingenieurinnen und -Ingenieure pr\u00fcfen, ob unsere Entw\u00fcrfe alle physischen und kognitiven Anforderungen an einen ergonomischen Arbeitsplatz erf\u00fcllen. Auch Fachleute aus den Bereichen Physiotherapie und Chiropraktik ziehen wir mit ein. So entstehen Produkte wie unser [&hellip;]<\/p>","protected":false},"author":16,"featured_media":0,"parent":441,"menu_order":0,"comment_status":"closed","ping_status":"closed","template":"","meta":[],"acf":[],"_links":{"self":[{"href":"https:\/\/zesar.ch\/fr\/wp-json\/wp\/v2\/pages\/2883"}],"collection":[{"href":"https:\/\/zesar.ch\/fr\/wp-json\/wp\/v2\/pages"}],"about":[{"href":"https:\/\/zesar.ch\/fr\/wp-json\/wp\/v2\/types\/page"}],"author":[{"embeddable":true,"href":"https:\/\/zesar.ch\/fr\/wp-json\/wp\/v2\/users\/16"}],"replies":[{"embeddable":true,"href":"https:\/\/zesar.ch\/fr\/wp-json\/wp\/v2\/comments?post=2883"}],"version-history":[{"count":21,"href":"https:\/\/zesar.ch\/fr\/wp-json\/wp\/v2\/pages\/2883\/revisions"}],"predecessor-version":[{"id":10955,"href":"https:\/\/zesar.ch\/fr\/wp-json\/wp\/v2\/pages\/2883\/revisions\/10955"}],"up":[{"embeddable":true,"href":"https:\/\/zesar.ch\/fr\/wp-json\/wp\/v2\/pages\/441"}],"wp:attachment":[{"href":"https:\/\/zesar.ch\/fr\/wp-json\/wp\/v2\/media?parent=2883"}],"curies":[{"name":"wp","href":"https:\/\/api.w.org\/{rel}","templated":true}]}}