{"id":2473,"date":"2022-10-14T14:19:29","date_gmt":"2022-10-14T12:19:29","guid":{"rendered":"https:\/\/zesar.dev.hayloft-it.ch\/?page_id=2473"},"modified":"2022-12-13T22:43:53","modified_gmt":"2022-12-13T21:43:53","slug":"team","status":"publish","type":"page","link":"https:\/\/zesar.ch\/fr\/entreprise\/equipe\/","title":{"rendered":"\u00c9quipe"},"content":{"rendered":"<div class=\"is-layout-constrained wp-block-group alignfull header-with-title-lead-and-shifted-up-content\">\n<div class=\"is-layout-constrained wp-container-1 wp-block-group title-wrapper has-spacing-bottom\">\n<h1>L'\u00e9quipe<\/h1>\n\n\n\n<p>Tout au long de sa vie, l'\u00eatre humain est engag\u00e9 dans un processus d'apprentissage. Celui-ci commence tr\u00e8s t\u00f4t au jardin d'enfants, se poursuit \u00e0 l'\u00e9cole, dans la formation professionnelle ou les \u00e9tudes et s'\u00e9tend \u00e0 toute la vie professionnelle. Chacun passe de nombreuses heures en position assise ou debout. Nous sommes passionn\u00e9s par le mobilier scolaire de qualit\u00e9, au design moderne et agr\u00e9able, qui tient compte de l'ergonomie et de la sant\u00e9.<\/p>\n<\/div>\n\n\n\n<div class=\"is-layout-constrained wp-block-group alignfull has-grey-to-light-grey-gradient-background has-background\">\n<div class=\"is-layout-constrained wp-block-group alignwide is-shifted-up\">    <div class=\"posts-filter\" data-taxonomy=\"department\">\n        <button class=\"option active\">Alle<\/button>\n                    <button class=\"option\" data-category=\"administration\">Administration<\/button>\n                    <button class=\"option\" data-category=\"geschaeftsleitung\">Direction<\/button>\n                    <button class=\"option\" data-category=\"logistik-transporte\">Logistique &amp; Transports<\/button>\n                    <button class=\"option\" data-category=\"produktion\">Production<\/button>\n                    <button class=\"option\" data-category=\"verkauf\">Vente<\/button>\n            <\/div>\n<div id=\"block_582b547b8454faef52124d76670c8670\" class=\"wp-block-employees alignwide\">\n            <article class=\"post-7313 employee type-employee status-publish hentry department-administration\" data-categories=\"administration\">\n    <div class=\"image-wrapper\">\n        <img width=\"1024\" height=\"741\" src=\"https:\/\/zesar.ch\/wp-content\/uploads\/2023\/07\/Ausgewaehtl_El-Hassan-Khalil-1024x741.png\" class=\"attachment-large size-large not-transparent\" alt=\"\" decoding=\"async\" loading=\"lazy\" srcset=\"https:\/\/zesar.ch\/wp-content\/uploads\/2023\/07\/Ausgewaehtl_El-Hassan-Khalil-1024x741.png 1024w, https:\/\/zesar.ch\/wp-content\/uploads\/2023\/07\/Ausgewaehtl_El-Hassan-Khalil-300x217.png 300w, https:\/\/zesar.ch\/wp-content\/uploads\/2023\/07\/Ausgewaehtl_El-Hassan-Khalil-768x556.png 768w, https:\/\/zesar.ch\/wp-content\/uploads\/2023\/07\/Ausgewaehtl_El-Hassan-Khalil-18x12.png 18w, https:\/\/zesar.ch\/wp-content\/uploads\/2023\/07\/Ausgewaehtl_El-Hassan-Khalil-350x253.png 350w, https:\/\/zesar.ch\/wp-content\/uploads\/2023\/07\/Ausgewaehtl_El-Hassan-Khalil-600x434.png 600w, https:\/\/zesar.ch\/wp-content\/uploads\/2023\/07\/Ausgewaehtl_El-Hassan-Khalil.png 1080w\" sizes=\"(max-width: 1024px) 100vw, 1024px\" data-has-transparency=\"false\" data-dominant-color=\"cebcc0\" style=\"--dominant-color: #cebcc0;\" \/>    <\/div>\n    <div class=\"data-wrapper\">\n        <strong>\n            Al-Hassan  Khalil                    <\/strong>\n                    <span class=\"responsibility\">Achats &amp; AVOR<\/span>\n                            <footer class=\"contact\">\n                                    <a href=\"mailto:achats@zesar.ch\" class=\"email\">achats@zesar.ch<\/a>\n                                            <\/footer>\n            <\/div>\n<\/article>            <article class=\"post-3928 employee type-employee status-publish hentry department-produktion\" data-categories=\"produktion\">\n    <div class=\"image-wrapper\">\n        <img width=\"1024\" height=\"741\" src=\"https:\/\/zesar.ch\/wp-content\/uploads\/2022\/11\/Wenker-Alexandre-1-1024x741.jpg\" class=\"attachment-large size-large not-transparent\" alt=\"\" decoding=\"async\" loading=\"lazy\" srcset=\"https:\/\/zesar.ch\/wp-content\/uploads\/2022\/11\/Wenker-Alexandre-1-1024x741.jpg 1024w, https:\/\/zesar.ch\/wp-content\/uploads\/2022\/11\/Wenker-Alexandre-1-350x253.webp 350w, https:\/\/zesar.ch\/wp-content\/uploads\/2022\/11\/Wenker-Alexandre-1-600x434.webp 600w, https:\/\/zesar.ch\/wp-content\/uploads\/2022\/11\/Wenker-Alexandre-1-300x217.jpg 300w, https:\/\/zesar.ch\/wp-content\/uploads\/2022\/11\/Wenker-Alexandre-1-768x556.jpg 768w, https:\/\/zesar.ch\/wp-content\/uploads\/2022\/11\/Wenker-Alexandre-1-jpg.webp 1080w\" sizes=\"(max-width: 1024px) 100vw, 1024px\" data-has-transparency=\"false\" data-dominant-color=\"bab2ac\" style=\"--dominant-color: #bab2ac;\" \/>    <\/div>\n    <div class=\"data-wrapper\">\n        <strong>\n            Alexandre Wenker                    <\/strong>\n                    <span class=\"responsibility\">Collaborateur d'atelier<\/span>\n                    <\/div>\n<\/article>            <article class=\"post-715 employee type-employee status-publish hentry department-verkauf employee_cat-ansprechpartner-bildung\" data-categories=\"verkauf\">\n    <div class=\"image-wrapper\">\n        <img width=\"1024\" height=\"741\" src=\"https:\/\/zesar.ch\/wp-content\/uploads\/2022\/10\/Anita-Althaus-1024x741.png\" class=\"attachment-large size-large not-transparent\" alt=\"\" decoding=\"async\" loading=\"lazy\" srcset=\"https:\/\/zesar.ch\/wp-content\/uploads\/2022\/10\/Anita-Althaus-1024x741.png 1024w, https:\/\/zesar.ch\/wp-content\/uploads\/2022\/10\/Anita-Althaus-350x253.png 350w, https:\/\/zesar.ch\/wp-content\/uploads\/2022\/10\/Anita-Althaus-600x434.png 600w, https:\/\/zesar.ch\/wp-content\/uploads\/2022\/10\/Anita-Althaus-300x217.png 300w, https:\/\/zesar.ch\/wp-content\/uploads\/2022\/10\/Anita-Althaus-768x556.png 768w, https:\/\/zesar.ch\/wp-content\/uploads\/2022\/10\/Anita-Althaus-18x12.png 18w, https:\/\/zesar.ch\/wp-content\/uploads\/2022\/10\/Anita-Althaus.png 1080w\" sizes=\"(max-width: 1024px) 100vw, 1024px\" data-has-transparency=\"false\" data-dominant-color=\"c2bbb5\" style=\"--dominant-color: #c2bbb5;\" \/>    <\/div>\n    <div class=\"data-wrapper\">\n        <strong>\n            Anita Althaus                    <\/strong>\n                    <span class=\"responsibility\">Conseill\u00e8re de vente - Suisse al\u00e9manique \u2013 Cantons de Berne et Fribourg<\/span>\n                            <footer class=\"contact\">\n                                    <a href=\"mailto:anita.althaus@zesar.ch\" class=\"email\">anita.althaus@zesar.ch<\/a>\n                                                    <a href=\"tel:079 797 59 65\" class=\"phone\">079 797 59 65<\/a>\n                            <\/footer>\n            <\/div>\n<\/article>            <article class=\"post-3814 employee type-employee status-publish hentry department-produktion\" data-categories=\"produktion\">\n    <div class=\"image-wrapper\">\n        <img width=\"1024\" height=\"741\" src=\"https:\/\/zesar.ch\/wp-content\/uploads\/2022\/11\/Amaro-Antonio-1-1024x741.jpg\" class=\"attachment-large size-large not-transparent\" alt=\"\" decoding=\"async\" loading=\"lazy\" srcset=\"https:\/\/zesar.ch\/wp-content\/uploads\/2022\/11\/Amaro-Antonio-1-1024x741.jpg 1024w, https:\/\/zesar.ch\/wp-content\/uploads\/2022\/11\/Amaro-Antonio-1-350x253.webp 350w, https:\/\/zesar.ch\/wp-content\/uploads\/2022\/11\/Amaro-Antonio-1-600x434.webp 600w, https:\/\/zesar.ch\/wp-content\/uploads\/2022\/11\/Amaro-Antonio-1-300x217.jpg 300w, https:\/\/zesar.ch\/wp-content\/uploads\/2022\/11\/Amaro-Antonio-1-768x556.jpg 768w, https:\/\/zesar.ch\/wp-content\/uploads\/2022\/11\/Amaro-Antonio-1-jpg.webp 1080w\" sizes=\"(max-width: 1024px) 100vw, 1024px\" data-has-transparency=\"false\" data-dominant-color=\"afa9a4\" style=\"--dominant-color: #afa9a4;\" \/>    <\/div>\n    <div class=\"data-wrapper\">\n        <strong>\n            Antonio Amaro                    <\/strong>\n                    <span class=\"responsibility\">Thermolaquage<\/span>\n                    <\/div>\n<\/article>            <article class=\"post-3863 employee type-employee status-publish hentry department-produktion\" data-categories=\"produktion\">\n    <div class=\"image-wrapper\">\n        <img width=\"1024\" height=\"741\" src=\"https:\/\/zesar.ch\/wp-content\/uploads\/2022\/11\/Antonio-Seb-1024x741.webp\" class=\"attachment-large size-large not-transparent\" alt=\"\" decoding=\"async\" loading=\"lazy\" srcset=\"https:\/\/zesar.ch\/wp-content\/uploads\/2022\/11\/Antonio-Seb-1024x741.webp 1024w, https:\/\/zesar.ch\/wp-content\/uploads\/2022\/11\/Antonio-Seb-jpg-350x253.webp 350w, https:\/\/zesar.ch\/wp-content\/uploads\/2022\/11\/Antonio-Seb-jpg-600x434.webp 600w, https:\/\/zesar.ch\/wp-content\/uploads\/2022\/11\/Antonio-Seb-300x217.webp 300w, https:\/\/zesar.ch\/wp-content\/uploads\/2022\/11\/Antonio-Seb-768x556.webp 768w, https:\/\/zesar.ch\/wp-content\/uploads\/2022\/11\/Antonio-Seb-18x12.webp 18w, https:\/\/zesar.ch\/wp-content\/uploads\/2022\/11\/Antonio-Seb-jpg.webp 1080w\" sizes=\"(max-width: 1024px) 100vw, 1024px\" data-has-transparency=\"false\" data-dominant-color=\"c0b4ad\" style=\"--dominant-color: #c0b4ad;\" \/>    <\/div>\n    <div class=\"data-wrapper\">\n        <strong>\n            Antonio Sebastiano Di Secli                    <\/strong>\n                    <span class=\"responsibility\">Constructeur d'appareils industriels<\/span>\n                    <\/div>\n<\/article>            <article class=\"post-10917 employee type-employee status-publish hentry department-verkauf employee_cat-ansprechpartner-industrie\" data-categories=\"verkauf\">\n    <div class=\"image-wrapper\">\n        <img width=\"1024\" height=\"741\" src=\"https:\/\/zesar.ch\/wp-content\/uploads\/2025\/09\/v3_Hajda_Astrit_2025_Portrait_ZesarCH_Web-1024x741.png\" class=\"attachment-large size-large not-transparent\" alt=\"\" decoding=\"async\" loading=\"lazy\" srcset=\"https:\/\/zesar.ch\/wp-content\/uploads\/2025\/09\/v3_Hajda_Astrit_2025_Portrait_ZesarCH_Web-1024x741.png 1024w, https:\/\/zesar.ch\/wp-content\/uploads\/2025\/09\/v3_Hajda_Astrit_2025_Portrait_ZesarCH_Web-300x217.png 300w, https:\/\/zesar.ch\/wp-content\/uploads\/2025\/09\/v3_Hajda_Astrit_2025_Portrait_ZesarCH_Web-768x556.png 768w, https:\/\/zesar.ch\/wp-content\/uploads\/2025\/09\/v3_Hajda_Astrit_2025_Portrait_ZesarCH_Web-18x12.png 18w, https:\/\/zesar.ch\/wp-content\/uploads\/2025\/09\/v3_Hajda_Astrit_2025_Portrait_ZesarCH_Web-350x253.png 350w, https:\/\/zesar.ch\/wp-content\/uploads\/2025\/09\/v3_Hajda_Astrit_2025_Portrait_ZesarCH_Web-600x434.png 600w, https:\/\/zesar.ch\/wp-content\/uploads\/2025\/09\/v3_Hajda_Astrit_2025_Portrait_ZesarCH_Web.png 1080w\" sizes=\"(max-width: 1024px) 100vw, 1024px\" data-has-transparency=\"false\" data-dominant-color=\"cfc9c3\" style=\"--dominant-color: #cfc9c3;\" \/>    <\/div>\n    <div class=\"data-wrapper\">\n        <strong>\n            Astrit Hajda                    <\/strong>\n                    <span class=\"responsibility\">Conseiller de vente \u2013 Industrie \u2013 Romandie<\/span>\n                            <footer class=\"contact\">\n                                    <a href=\"mailto:astrit.hajda@zesar.ch\" class=\"email\">astrit.hajda@zesar.ch<\/a>\n                                                    <a href=\"tel:079 901 25 45\" class=\"phone\">079 901 25 45<\/a>\n                            <\/footer>\n            <\/div>\n<\/article>            <article class=\"post-3839 employee type-employee status-publish hentry department-administration\" data-categories=\"administration\">\n    <div class=\"image-wrapper\">\n        <img width=\"1024\" height=\"741\" src=\"https:\/\/zesar.ch\/wp-content\/uploads\/2022\/11\/Burdet-Celine-1-1024x741.jpg\" class=\"attachment-large size-large not-transparent\" alt=\"\" decoding=\"async\" loading=\"lazy\" srcset=\"https:\/\/zesar.ch\/wp-content\/uploads\/2022\/11\/Burdet-Celine-1-1024x741.jpg 1024w, https:\/\/zesar.ch\/wp-content\/uploads\/2022\/11\/Burdet-Celine-1-350x253.webp 350w, https:\/\/zesar.ch\/wp-content\/uploads\/2022\/11\/Burdet-Celine-1-600x434.webp 600w, https:\/\/zesar.ch\/wp-content\/uploads\/2022\/11\/Burdet-Celine-1-300x217.jpg 300w, https:\/\/zesar.ch\/wp-content\/uploads\/2022\/11\/Burdet-Celine-1-768x556.jpg 768w, https:\/\/zesar.ch\/wp-content\/uploads\/2022\/11\/Burdet-Celine-1-jpg.webp 1080w\" sizes=\"(max-width: 1024px) 100vw, 1024px\" data-has-transparency=\"false\" data-dominant-color=\"bbb2aa\" style=\"--dominant-color: #bbb2aa;\" \/>    <\/div>\n    <div class=\"data-wrapper\">\n        <strong>\n            C\u00e9line Beuret                    <\/strong>\n                    <span class=\"responsibility\">Responsable comptabilit\u00e9 &amp; ressources humaines<\/span>\n                            <footer class=\"contact\">\n                                    <a href=\"mailto:rh@zesar.ch\" class=\"email\">rh@zesar.ch<\/a>\n                                                    <a href=\"tel:032 482 68 01\" class=\"phone\">032 482 68 01<\/a>\n                            <\/footer>\n            <\/div>\n<\/article>            <article class=\"post-8918 employee type-employee status-publish hentry department-produktion\" data-categories=\"produktion\">\n    <div class=\"image-wrapper\">\n        <img width=\"1024\" height=\"741\" src=\"https:\/\/zesar.ch\/wp-content\/uploads\/2024\/08\/Charles_site-web.png\" class=\"attachment-large size-large has-transparency\" alt=\"\" decoding=\"async\" loading=\"lazy\" srcset=\"https:\/\/zesar.ch\/wp-content\/uploads\/2024\/08\/Charles_site-web.png 1024w, https:\/\/zesar.ch\/wp-content\/uploads\/2024\/08\/Charles_site-web-300x217.png 300w, https:\/\/zesar.ch\/wp-content\/uploads\/2024\/08\/Charles_site-web-768x556.png 768w, https:\/\/zesar.ch\/wp-content\/uploads\/2024\/08\/Charles_site-web-18x12.png 18w, https:\/\/zesar.ch\/wp-content\/uploads\/2024\/08\/Charles_site-web-350x253.png 350w, https:\/\/zesar.ch\/wp-content\/uploads\/2024\/08\/Charles_site-web-600x434.png 600w\" sizes=\"(max-width: 1024px) 100vw, 1024px\" data-has-transparency=\"true\" data-dominant-color=\"c4b1b0\" style=\"--dominant-color: #c4b1b0;\" \/>    <\/div>\n    <div class=\"data-wrapper\">\n        <strong>\n            Charles Jeannottat                    <\/strong>\n                    <span class=\"responsibility\">Apprenti constructeur d\u2019appareils industriels<\/span>\n                    <\/div>\n<\/article>            <article class=\"post-721 employee type-employee status-publish hentry department-verkauf employee_cat-ansprechpartner-bildung\" data-categories=\"verkauf\">\n    <div class=\"image-wrapper\">\n        <img width=\"1024\" height=\"741\" src=\"https:\/\/zesar.ch\/wp-content\/uploads\/2022\/10\/Czemp-1024x741.png\" class=\"attachment-large size-large not-transparent\" alt=\"\" decoding=\"async\" loading=\"lazy\" srcset=\"https:\/\/zesar.ch\/wp-content\/uploads\/2022\/10\/Czemp-1024x741.png 1024w, https:\/\/zesar.ch\/wp-content\/uploads\/2022\/10\/Czemp-350x253.png 350w, https:\/\/zesar.ch\/wp-content\/uploads\/2022\/10\/Czemp-600x434.png 600w, https:\/\/zesar.ch\/wp-content\/uploads\/2022\/10\/Czemp-300x217.png 300w, https:\/\/zesar.ch\/wp-content\/uploads\/2022\/10\/Czemp-768x556.png 768w, https:\/\/zesar.ch\/wp-content\/uploads\/2022\/10\/Czemp-18x12.png 18w, https:\/\/zesar.ch\/wp-content\/uploads\/2022\/10\/Czemp.png 1080w\" sizes=\"(max-width: 1024px) 100vw, 1024px\" data-has-transparency=\"false\" data-dominant-color=\"cdc6c0\" style=\"--dominant-color: #cdc6c0;\" \/>    <\/div>\n    <div class=\"data-wrapper\">\n        <strong>\n            Christof Zemp                    <\/strong>\n                    <span class=\"responsibility\">Conseiller de vente \u2013 Suisse al\u00e9manique - Est, Nord-Est et Suisse centrale<\/span>\n                            <footer class=\"contact\">\n                                    <a href=\"mailto:christof.zemp@zesar.ch\" class=\"email\">christof.zemp@zesar.ch<\/a>\n                                                    <a href=\"tel:079 100 41 41\" class=\"phone\">079 100 41 41<\/a>\n                            <\/footer>\n            <\/div>\n<\/article>            <article class=\"post-4462 employee type-employee status-publish hentry department-produktion\" data-categories=\"produktion\">\n    <div class=\"image-wrapper\">\n        <img width=\"1024\" height=\"741\" src=\"https:\/\/zesar.ch\/wp-content\/uploads\/2022\/11\/Cyril_Bitz-1024x741.png\" class=\"attachment-large size-large not-transparent\" alt=\"\" decoding=\"async\" loading=\"lazy\" srcset=\"https:\/\/zesar.ch\/wp-content\/uploads\/2022\/11\/Cyril_Bitz-1024x741.png 1024w, https:\/\/zesar.ch\/wp-content\/uploads\/2022\/11\/Cyril_Bitz-350x253.png 350w, https:\/\/zesar.ch\/wp-content\/uploads\/2022\/11\/Cyril_Bitz-600x434.png 600w, https:\/\/zesar.ch\/wp-content\/uploads\/2022\/11\/Cyril_Bitz-300x217.png 300w, https:\/\/zesar.ch\/wp-content\/uploads\/2022\/11\/Cyril_Bitz-768x556.png 768w, https:\/\/zesar.ch\/wp-content\/uploads\/2022\/11\/Cyril_Bitz-18x12.png 18w, https:\/\/zesar.ch\/wp-content\/uploads\/2022\/11\/Cyril_Bitz.png 1080w\" sizes=\"(max-width: 1024px) 100vw, 1024px\" data-has-transparency=\"false\" data-dominant-color=\"bfb5af\" style=\"--dominant-color: #bfb5af;\" \/>    <\/div>\n    <div class=\"data-wrapper\">\n        <strong>\n            Cyril Bitz                    <\/strong>\n                    <span class=\"responsibility\">Montage<\/span>\n                    <\/div>\n<\/article>            <article class=\"post-3869 employee type-employee status-publish hentry department-produktion\" data-categories=\"produktion\">\n    <div class=\"image-wrapper\">\n        <img width=\"1024\" height=\"741\" src=\"https:\/\/zesar.ch\/wp-content\/uploads\/2022\/11\/Daniel-Frey-1024x741.png\" class=\"attachment-large size-large not-transparent\" alt=\"\" decoding=\"async\" loading=\"lazy\" srcset=\"https:\/\/zesar.ch\/wp-content\/uploads\/2022\/11\/Daniel-Frey-1024x741.png 1024w, https:\/\/zesar.ch\/wp-content\/uploads\/2022\/11\/Daniel-Frey-350x253.png 350w, https:\/\/zesar.ch\/wp-content\/uploads\/2022\/11\/Daniel-Frey-600x434.png 600w, https:\/\/zesar.ch\/wp-content\/uploads\/2022\/11\/Daniel-Frey-300x217.png 300w, https:\/\/zesar.ch\/wp-content\/uploads\/2022\/11\/Daniel-Frey-768x556.png 768w, https:\/\/zesar.ch\/wp-content\/uploads\/2022\/11\/Daniel-Frey-18x12.png 18w, https:\/\/zesar.ch\/wp-content\/uploads\/2022\/11\/Daniel-Frey.png 1080w\" sizes=\"(max-width: 1024px) 100vw, 1024px\" data-has-transparency=\"false\" data-dominant-color=\"aea69f\" style=\"--dominant-color: #aea69f;\" \/>    <\/div>\n    <div class=\"data-wrapper\">\n        <strong>\n            Daniel Frey                    <\/strong>\n                    <span class=\"responsibility\">Responsable de l'\u00e9quipe soudage &amp; m\u00e9canique<\/span>\n                    <\/div>\n<\/article>            <article class=\"post-8718 employee type-employee status-publish hentry department-administration\" data-categories=\"administration\">\n    <div class=\"image-wrapper\">\n        <img width=\"1024\" height=\"741\" src=\"https:\/\/zesar.ch\/wp-content\/uploads\/2024\/08\/daniela-wernli.png\" class=\"attachment-large size-large not-transparent\" alt=\"\" decoding=\"async\" loading=\"lazy\" srcset=\"https:\/\/zesar.ch\/wp-content\/uploads\/2024\/08\/daniela-wernli.png 1024w, https:\/\/zesar.ch\/wp-content\/uploads\/2024\/08\/daniela-wernli-300x217.png 300w, https:\/\/zesar.ch\/wp-content\/uploads\/2024\/08\/daniela-wernli-768x556.png 768w, https:\/\/zesar.ch\/wp-content\/uploads\/2024\/08\/daniela-wernli-18x12.png 18w, https:\/\/zesar.ch\/wp-content\/uploads\/2024\/08\/daniela-wernli-350x253.png 350w, https:\/\/zesar.ch\/wp-content\/uploads\/2024\/08\/daniela-wernli-600x434.png 600w\" sizes=\"(max-width: 1024px) 100vw, 1024px\" data-has-transparency=\"false\" data-dominant-color=\"d1c9c3\" style=\"--dominant-color: #d1c9c3;\" \/>    <\/div>\n    <div class=\"data-wrapper\">\n        <strong>\n            Daniela Wernli                    <\/strong>\n                    <span class=\"responsibility\">Administration<\/span>\n                            <footer class=\"contact\">\n                                    <a href=\"mailto:info@zesar.ch\" class=\"email\">info@zesar.ch<\/a>\n                                                    <a href=\"tel:032 482 68 00\" class=\"phone\">032 482 68 00<\/a>\n                            <\/footer>\n            <\/div>\n<\/article>            <article class=\"post-3845 employee type-employee status-publish hentry department-produktion\" data-categories=\"produktion\">\n    <div class=\"image-wrapper\">\n        <img width=\"1024\" height=\"741\" src=\"https:\/\/zesar.ch\/wp-content\/uploads\/2022\/11\/avatar-maennlich-1024x741.jpg\" class=\"attachment-large size-large not-transparent\" alt=\"\" decoding=\"async\" loading=\"lazy\" srcset=\"https:\/\/zesar.ch\/wp-content\/uploads\/2022\/11\/avatar-maennlich-1024x741.jpg 1024w, https:\/\/zesar.ch\/wp-content\/uploads\/2022\/11\/avatar-maennlich-350x253.webp 350w, https:\/\/zesar.ch\/wp-content\/uploads\/2022\/11\/avatar-maennlich-600x434.webp 600w, https:\/\/zesar.ch\/wp-content\/uploads\/2022\/11\/avatar-maennlich-300x217.jpg 300w, https:\/\/zesar.ch\/wp-content\/uploads\/2022\/11\/avatar-maennlich-768x556.jpg 768w, https:\/\/zesar.ch\/wp-content\/uploads\/2022\/11\/avatar-maennlich-jpg.webp 1080w\" sizes=\"(max-width: 1024px) 100vw, 1024px\" data-has-transparency=\"false\" data-dominant-color=\"b4b4b4\" style=\"--dominant-color: #b4b4b4;\" \/>    <\/div>\n    <div class=\"data-wrapper\">\n        <strong>\n            David Bosset                    <\/strong>\n                    <span class=\"responsibility\">Montage<\/span>\n                    <\/div>\n<\/article>            <article class=\"post-3925 employee type-employee status-publish hentry department-produktion\" data-categories=\"produktion\">\n    <div class=\"image-wrapper\">\n        <img width=\"1024\" height=\"741\" src=\"https:\/\/zesar.ch\/wp-content\/uploads\/2022\/11\/Trovato-Ferreira-David-1024x741.jpg\" class=\"attachment-large size-large not-transparent\" alt=\"\" decoding=\"async\" loading=\"lazy\" srcset=\"https:\/\/zesar.ch\/wp-content\/uploads\/2022\/11\/Trovato-Ferreira-David-1024x741.jpg 1024w, https:\/\/zesar.ch\/wp-content\/uploads\/2022\/11\/Trovato-Ferreira-David-350x253.webp 350w, https:\/\/zesar.ch\/wp-content\/uploads\/2022\/11\/Trovato-Ferreira-David-600x434.webp 600w, https:\/\/zesar.ch\/wp-content\/uploads\/2022\/11\/Trovato-Ferreira-David-300x217.jpg 300w, https:\/\/zesar.ch\/wp-content\/uploads\/2022\/11\/Trovato-Ferreira-David-768x556.jpg 768w, https:\/\/zesar.ch\/wp-content\/uploads\/2022\/11\/Trovato-Ferreira-David-jpg.webp 1080w\" sizes=\"(max-width: 1024px) 100vw, 1024px\" data-has-transparency=\"false\" data-dominant-color=\"b4aea9\" style=\"--dominant-color: #b4aea9;\" \/>    <\/div>\n    <div class=\"data-wrapper\">\n        <strong>\n            David Trovao Ferreira                    <\/strong>\n                    <span class=\"responsibility\">Montage<\/span>\n                    <\/div>\n<\/article>            <article class=\"post-8771 employee type-employee status-publish hentry department-produktion\" data-categories=\"produktion\">\n    <div class=\"image-wrapper\">\n        <img width=\"1024\" height=\"741\" src=\"https:\/\/zesar.ch\/wp-content\/uploads\/2024\/09\/denis-zotti-1024x741.png\" class=\"attachment-large size-large not-transparent\" alt=\"\" decoding=\"async\" loading=\"lazy\" srcset=\"https:\/\/zesar.ch\/wp-content\/uploads\/2024\/09\/denis-zotti-1024x741.png 1024w, https:\/\/zesar.ch\/wp-content\/uploads\/2024\/09\/denis-zotti-300x217.png 300w, https:\/\/zesar.ch\/wp-content\/uploads\/2024\/09\/denis-zotti-768x556.png 768w, https:\/\/zesar.ch\/wp-content\/uploads\/2024\/09\/denis-zotti-18x12.png 18w, https:\/\/zesar.ch\/wp-content\/uploads\/2024\/09\/denis-zotti-350x253.png 350w, https:\/\/zesar.ch\/wp-content\/uploads\/2024\/09\/denis-zotti-600x434.png 600w, https:\/\/zesar.ch\/wp-content\/uploads\/2024\/09\/denis-zotti.png 1080w\" sizes=\"(max-width: 1024px) 100vw, 1024px\" data-has-transparency=\"false\" data-dominant-color=\"afaaaa\" style=\"--dominant-color: #afaaaa;\" \/>    <\/div>\n    <div class=\"data-wrapper\">\n        <strong>\n            Denis Zotti                    <\/strong>\n                    <span class=\"responsibility\">Dessinateur &amp; Constructeur<\/span>\n                    <\/div>\n<\/article>            <article class=\"post-10541 employee type-employee status-publish hentry department-administration\" data-categories=\"administration\">\n    <div class=\"image-wrapper\">\n        <img width=\"1024\" height=\"741\" src=\"https:\/\/zesar.ch\/wp-content\/uploads\/2025\/04\/Fiona-Riat-1024x741.png\" class=\"attachment-large size-large not-transparent\" alt=\"\" decoding=\"async\" loading=\"lazy\" srcset=\"https:\/\/zesar.ch\/wp-content\/uploads\/2025\/04\/Fiona-Riat-1024x741.png 1024w, https:\/\/zesar.ch\/wp-content\/uploads\/2025\/04\/Fiona-Riat-300x217.png 300w, https:\/\/zesar.ch\/wp-content\/uploads\/2025\/04\/Fiona-Riat-768x556.png 768w, https:\/\/zesar.ch\/wp-content\/uploads\/2025\/04\/Fiona-Riat-18x12.png 18w, https:\/\/zesar.ch\/wp-content\/uploads\/2025\/04\/Fiona-Riat-350x253.png 350w, https:\/\/zesar.ch\/wp-content\/uploads\/2025\/04\/Fiona-Riat-600x434.png 600w, https:\/\/zesar.ch\/wp-content\/uploads\/2025\/04\/Fiona-Riat.png 1080w\" sizes=\"(max-width: 1024px) 100vw, 1024px\" data-has-transparency=\"false\" data-dominant-color=\"cda7a1\" style=\"--dominant-color: #cda7a1;\" \/>    <\/div>\n    <div class=\"data-wrapper\">\n        <strong>\n            Fiona Riat                    <\/strong>\n                    <span class=\"responsibility\">Marketing &#038; Communication<\/span>\n                            <footer class=\"contact\">\n                                    <a href=\"mailto:maketing@zesar.ch\" class=\"email\">maketing@zesar.ch<\/a>\n                                                    <a href=\"tel:032 482 68 00\" class=\"phone\">032 482 68 00<\/a>\n                            <\/footer>\n            <\/div>\n<\/article>            <article class=\"post-3940 employee type-employee status-publish hentry department-produktion\" data-categories=\"produktion\">\n    <div class=\"image-wrapper\">\n        <img width=\"1024\" height=\"741\" src=\"https:\/\/zesar.ch\/wp-content\/uploads\/2022\/11\/Francis-1024x741.webp\" class=\"attachment-large size-large not-transparent\" alt=\"\" decoding=\"async\" loading=\"lazy\" srcset=\"https:\/\/zesar.ch\/wp-content\/uploads\/2022\/11\/Francis-1024x741.webp 1024w, https:\/\/zesar.ch\/wp-content\/uploads\/2022\/11\/Francis-jpg-350x253.webp 350w, https:\/\/zesar.ch\/wp-content\/uploads\/2022\/11\/Francis-jpg-600x434.webp 600w, https:\/\/zesar.ch\/wp-content\/uploads\/2022\/11\/Francis-300x217.webp 300w, https:\/\/zesar.ch\/wp-content\/uploads\/2022\/11\/Francis-768x556.webp 768w, https:\/\/zesar.ch\/wp-content\/uploads\/2022\/11\/Francis-18x12.webp 18w, https:\/\/zesar.ch\/wp-content\/uploads\/2022\/11\/Francis-jpg.webp 1080w\" sizes=\"(max-width: 1024px) 100vw, 1024px\" data-has-transparency=\"false\" data-dominant-color=\"a7a29e\" style=\"--dominant-color: #a7a29e;\" \/>    <\/div>\n    <div class=\"data-wrapper\">\n        <strong>\n            Francis Mateta-Mundu                    <\/strong>\n                    <span class=\"responsibility\">Apprenti dessinateur &amp; constructeur <\/span>\n                    <\/div>\n<\/article>            <article class=\"post-9483 employee type-employee status-publish hentry department-produktion\" data-categories=\"produktion\">\n    <div class=\"image-wrapper\">\n        <img width=\"1024\" height=\"741\" src=\"https:\/\/zesar.ch\/wp-content\/uploads\/2024\/09\/Grossenbacher_Gaetan_2025-02-1024x741.png\" class=\"attachment-large size-large not-transparent\" alt=\"\" decoding=\"async\" loading=\"lazy\" srcset=\"https:\/\/zesar.ch\/wp-content\/uploads\/2024\/09\/Grossenbacher_Gaetan_2025-02-1024x741.png 1024w, https:\/\/zesar.ch\/wp-content\/uploads\/2024\/09\/Grossenbacher_Gaetan_2025-02-300x217.png 300w, https:\/\/zesar.ch\/wp-content\/uploads\/2024\/09\/Grossenbacher_Gaetan_2025-02-768x556.png 768w, https:\/\/zesar.ch\/wp-content\/uploads\/2024\/09\/Grossenbacher_Gaetan_2025-02-18x12.png 18w, https:\/\/zesar.ch\/wp-content\/uploads\/2024\/09\/Grossenbacher_Gaetan_2025-02-350x253.png 350w, https:\/\/zesar.ch\/wp-content\/uploads\/2024\/09\/Grossenbacher_Gaetan_2025-02-600x434.png 600w, https:\/\/zesar.ch\/wp-content\/uploads\/2024\/09\/Grossenbacher_Gaetan_2025-02.png 1080w\" sizes=\"(max-width: 1024px) 100vw, 1024px\" data-has-transparency=\"false\" data-dominant-color=\"bba2a3\" style=\"--dominant-color: #bba2a3;\" \/>    <\/div>\n    <div class=\"data-wrapper\">\n        <strong>\n            Ga\u00ebtan Grossenbacher                    <\/strong>\n                    <span class=\"responsibility\">Montage<\/span>\n                    <\/div>\n<\/article>            <article class=\"post-8522 employee type-employee status-publish hentry department-produktion\" data-categories=\"produktion\">\n    <div class=\"image-wrapper\">\n        <img width=\"1024\" height=\"741\" src=\"https:\/\/zesar.ch\/wp-content\/uploads\/2024\/05\/Ivan-1024x741.webp\" class=\"attachment-large size-large not-transparent\" alt=\"\" decoding=\"async\" loading=\"lazy\" srcset=\"https:\/\/zesar.ch\/wp-content\/uploads\/2024\/05\/Ivan-1024x741.webp 1024w, https:\/\/zesar.ch\/wp-content\/uploads\/2024\/05\/Ivan-300x217.webp 300w, https:\/\/zesar.ch\/wp-content\/uploads\/2024\/05\/Ivan-768x556.webp 768w, https:\/\/zesar.ch\/wp-content\/uploads\/2024\/05\/Ivan-18x12.webp 18w, https:\/\/zesar.ch\/wp-content\/uploads\/2024\/05\/Ivan-350x253.webp 350w, https:\/\/zesar.ch\/wp-content\/uploads\/2024\/05\/Ivan-600x434.webp 600w, https:\/\/zesar.ch\/wp-content\/uploads\/2024\/05\/Ivan-jpg.webp 1080w\" sizes=\"(max-width: 1024px) 100vw, 1024px\" data-has-transparency=\"false\" data-dominant-color=\"c3b3b0\" style=\"--dominant-color: #c3b3b0;\" \/>    <\/div>\n    <div class=\"data-wrapper\">\n        <strong>\n            Ivan L\u00fcthi                    <\/strong>\n                    <span class=\"responsibility\">Montage<\/span>\n                    <\/div>\n<\/article>            <article class=\"post-8714 employee type-employee status-publish hentry department-logistik-transporte\" data-categories=\"logistik-transporte\">\n    <div class=\"image-wrapper\">\n        <img width=\"1024\" height=\"741\" src=\"https:\/\/zesar.ch\/wp-content\/uploads\/2024\/07\/Ivana-Saccomani-1024x741.png\" class=\"attachment-large size-large not-transparent\" alt=\"\" decoding=\"async\" loading=\"lazy\" srcset=\"https:\/\/zesar.ch\/wp-content\/uploads\/2024\/07\/Ivana-Saccomani-1024x741.png 1024w, https:\/\/zesar.ch\/wp-content\/uploads\/2024\/07\/Ivana-Saccomani-300x217.png 300w, https:\/\/zesar.ch\/wp-content\/uploads\/2024\/07\/Ivana-Saccomani-768x556.png 768w, https:\/\/zesar.ch\/wp-content\/uploads\/2024\/07\/Ivana-Saccomani-18x12.png 18w, https:\/\/zesar.ch\/wp-content\/uploads\/2024\/07\/Ivana-Saccomani-350x253.png 350w, https:\/\/zesar.ch\/wp-content\/uploads\/2024\/07\/Ivana-Saccomani-600x434.png 600w, https:\/\/zesar.ch\/wp-content\/uploads\/2024\/07\/Ivana-Saccomani.png 1080w\" sizes=\"(max-width: 1024px) 100vw, 1024px\" data-has-transparency=\"false\" data-dominant-color=\"bdb1a9\" style=\"--dominant-color: #bdb1a9;\" \/>    <\/div>\n    <div class=\"data-wrapper\">\n        <strong>\n            Ivana Saccomani                    <\/strong>\n                    <span class=\"responsibility\">Responsable logistique <\/span>\n                            <footer class=\"contact\">\n                                    <a href=\"mailto:info@zesar.ch\" class=\"email\">info@zesar.ch<\/a>\n                                                    <a href=\"tel:032 482 68 05\" class=\"phone\">032 482 68 05<\/a>\n                            <\/footer>\n            <\/div>\n<\/article>            <article class=\"post-3917 employee type-employee status-publish hentry department-administration\" data-categories=\"administration\">\n    <div class=\"image-wrapper\">\n        <img width=\"1024\" height=\"741\" src=\"https:\/\/zesar.ch\/wp-content\/uploads\/2022\/11\/Seipelt-Jessica-1-1024x741.jpg\" class=\"attachment-large size-large not-transparent\" alt=\"\" decoding=\"async\" loading=\"lazy\" srcset=\"https:\/\/zesar.ch\/wp-content\/uploads\/2022\/11\/Seipelt-Jessica-1-1024x741.jpg 1024w, https:\/\/zesar.ch\/wp-content\/uploads\/2022\/11\/Seipelt-Jessica-1-350x253.webp 350w, https:\/\/zesar.ch\/wp-content\/uploads\/2022\/11\/Seipelt-Jessica-1-600x434.webp 600w, https:\/\/zesar.ch\/wp-content\/uploads\/2022\/11\/Seipelt-Jessica-1-300x217.jpg 300w, https:\/\/zesar.ch\/wp-content\/uploads\/2022\/11\/Seipelt-Jessica-1-768x556.jpg 768w, https:\/\/zesar.ch\/wp-content\/uploads\/2022\/11\/Seipelt-Jessica-1-jpg.webp 1080w\" sizes=\"(max-width: 1024px) 100vw, 1024px\" data-has-transparency=\"false\" data-dominant-color=\"afa7a1\" style=\"--dominant-color: #afa7a1;\" \/>    <\/div>\n    <div class=\"data-wrapper\">\n        <strong>\n            Jessica Seipelt                    <\/strong>\n                    <span class=\"responsibility\">IT and HR Business Partner<\/span>\n                            <footer class=\"contact\">\n                                    <a href=\"mailto:rh@zesar.ch\" class=\"email\">rh@zesar.ch<\/a>\n                                                    <a href=\"tel:032 482 68 85\" class=\"phone\">032 482 68 85<\/a>\n                            <\/footer>\n            <\/div>\n<\/article>            <article class=\"post-7323 employee type-employee status-publish hentry department-produktion\" data-categories=\"produktion\">\n    <div class=\"image-wrapper\">\n        <img width=\"1024\" height=\"741\" src=\"https:\/\/zesar.ch\/wp-content\/uploads\/2023\/07\/Ausgewaehtl_Joaquim-Grandjean-1024x741.png\" class=\"attachment-large size-large not-transparent\" alt=\"\" decoding=\"async\" loading=\"lazy\" srcset=\"https:\/\/zesar.ch\/wp-content\/uploads\/2023\/07\/Ausgewaehtl_Joaquim-Grandjean-1024x741.png 1024w, https:\/\/zesar.ch\/wp-content\/uploads\/2023\/07\/Ausgewaehtl_Joaquim-Grandjean-300x217.png 300w, https:\/\/zesar.ch\/wp-content\/uploads\/2023\/07\/Ausgewaehtl_Joaquim-Grandjean-768x556.png 768w, https:\/\/zesar.ch\/wp-content\/uploads\/2023\/07\/Ausgewaehtl_Joaquim-Grandjean-18x12.png 18w, https:\/\/zesar.ch\/wp-content\/uploads\/2023\/07\/Ausgewaehtl_Joaquim-Grandjean-350x253.png 350w, https:\/\/zesar.ch\/wp-content\/uploads\/2023\/07\/Ausgewaehtl_Joaquim-Grandjean-600x434.png 600w, https:\/\/zesar.ch\/wp-content\/uploads\/2023\/07\/Ausgewaehtl_Joaquim-Grandjean.png 1080w\" sizes=\"(max-width: 1024px) 100vw, 1024px\" data-has-transparency=\"false\" data-dominant-color=\"c0bab7\" style=\"--dominant-color: #c0bab7;\" \/>    <\/div>\n    <div class=\"data-wrapper\">\n        <strong>\n            Joaquim Grandjean                    <\/strong>\n                    <span class=\"responsibility\">Montage<\/span>\n                    <\/div>\n<\/article>            <article class=\"post-10467 employee type-employee status-publish hentry department-produktion\" data-categories=\"produktion\">\n    <div class=\"image-wrapper\">\n        <img width=\"1024\" height=\"741\" src=\"https:\/\/zesar.ch\/wp-content\/uploads\/2025\/03\/Julien-1024x741.png\" class=\"attachment-large size-large not-transparent\" alt=\"\" decoding=\"async\" loading=\"lazy\" srcset=\"https:\/\/zesar.ch\/wp-content\/uploads\/2025\/03\/Julien-1024x741.png 1024w, https:\/\/zesar.ch\/wp-content\/uploads\/2025\/03\/Julien-300x217.png 300w, https:\/\/zesar.ch\/wp-content\/uploads\/2025\/03\/Julien-768x556.png 768w, https:\/\/zesar.ch\/wp-content\/uploads\/2025\/03\/Julien-18x12.png 18w, https:\/\/zesar.ch\/wp-content\/uploads\/2025\/03\/Julien-350x253.png 350w, https:\/\/zesar.ch\/wp-content\/uploads\/2025\/03\/Julien-600x434.png 600w, https:\/\/zesar.ch\/wp-content\/uploads\/2025\/03\/Julien.png 1080w\" sizes=\"(max-width: 1024px) 100vw, 1024px\" data-has-transparency=\"false\" data-dominant-color=\"b5b2ae\" style=\"--dominant-color: #b5b2ae;\" \/>    <\/div>\n    <div class=\"data-wrapper\">\n        <strong>\n            Julien Bebay                    <\/strong>\n                    <span class=\"responsibility\">Constructeur d'appareils industriels &amp; m\u00e9canicien de production<\/span>\n                    <\/div>\n<\/article>            <article class=\"post-11338 employee type-employee status-publish hentry department-produktion\" data-categories=\"produktion\">\n    <div class=\"image-wrapper\">\n        <img width=\"1024\" height=\"741\" src=\"https:\/\/zesar.ch\/wp-content\/uploads\/2026\/02\/v1.2_Bessire_Julien_2026_Portrait_ZesarCH_Web_1080px-1024x741.png\" class=\"attachment-large size-large not-transparent\" alt=\"\" decoding=\"async\" loading=\"lazy\" srcset=\"https:\/\/zesar.ch\/wp-content\/uploads\/2026\/02\/v1.2_Bessire_Julien_2026_Portrait_ZesarCH_Web_1080px-1024x741.png 1024w, https:\/\/zesar.ch\/wp-content\/uploads\/2026\/02\/v1.2_Bessire_Julien_2026_Portrait_ZesarCH_Web_1080px-300x217.png 300w, https:\/\/zesar.ch\/wp-content\/uploads\/2026\/02\/v1.2_Bessire_Julien_2026_Portrait_ZesarCH_Web_1080px-768x556.png 768w, https:\/\/zesar.ch\/wp-content\/uploads\/2026\/02\/v1.2_Bessire_Julien_2026_Portrait_ZesarCH_Web_1080px-1536x1112.png 1536w, https:\/\/zesar.ch\/wp-content\/uploads\/2026\/02\/v1.2_Bessire_Julien_2026_Portrait_ZesarCH_Web_1080px-2048x1483.png 2048w, https:\/\/zesar.ch\/wp-content\/uploads\/2026\/02\/v1.2_Bessire_Julien_2026_Portrait_ZesarCH_Web_1080px-18x12.png 18w, https:\/\/zesar.ch\/wp-content\/uploads\/2026\/02\/v1.2_Bessire_Julien_2026_Portrait_ZesarCH_Web_1080px-350x253.png 350w, https:\/\/zesar.ch\/wp-content\/uploads\/2026\/02\/v1.2_Bessire_Julien_2026_Portrait_ZesarCH_Web_1080px-600x434.png 600w\" sizes=\"(max-width: 1024px) 100vw, 1024px\" data-has-transparency=\"false\" data-dominant-color=\"d4c8be\" style=\"--dominant-color: #d4c8be;\" \/>    <\/div>\n    <div class=\"data-wrapper\">\n        <strong>\n            Julien Bessire                    <\/strong>\n                    <span class=\"responsibility\">Dessinateur &amp; Constructeur<\/span>\n                    <\/div>\n<\/article>            <article class=\"post-10932 employee type-employee status-publish hentry department-administration\" data-categories=\"administration\">\n    <div class=\"image-wrapper\">\n        <img width=\"1024\" height=\"741\" src=\"https:\/\/zesar.ch\/wp-content\/uploads\/2025\/09\/v1_Metthez_Julien_2025_Portrait_ZesarCH_Web-1024x741.png\" class=\"attachment-large size-large not-transparent\" alt=\"\" decoding=\"async\" loading=\"lazy\" srcset=\"https:\/\/zesar.ch\/wp-content\/uploads\/2025\/09\/v1_Metthez_Julien_2025_Portrait_ZesarCH_Web-1024x741.png 1024w, https:\/\/zesar.ch\/wp-content\/uploads\/2025\/09\/v1_Metthez_Julien_2025_Portrait_ZesarCH_Web-300x217.png 300w, https:\/\/zesar.ch\/wp-content\/uploads\/2025\/09\/v1_Metthez_Julien_2025_Portrait_ZesarCH_Web-768x556.png 768w, https:\/\/zesar.ch\/wp-content\/uploads\/2025\/09\/v1_Metthez_Julien_2025_Portrait_ZesarCH_Web-18x12.png 18w, https:\/\/zesar.ch\/wp-content\/uploads\/2025\/09\/v1_Metthez_Julien_2025_Portrait_ZesarCH_Web-350x253.png 350w, https:\/\/zesar.ch\/wp-content\/uploads\/2025\/09\/v1_Metthez_Julien_2025_Portrait_ZesarCH_Web-600x434.png 600w, https:\/\/zesar.ch\/wp-content\/uploads\/2025\/09\/v1_Metthez_Julien_2025_Portrait_ZesarCH_Web.png 1080w\" sizes=\"(max-width: 1024px) 100vw, 1024px\" data-has-transparency=\"false\" data-dominant-color=\"b9b4b0\" style=\"--dominant-color: #b9b4b0;\" \/>    <\/div>\n    <div class=\"data-wrapper\">\n        <strong>\n            Julien Metthez                    <\/strong>\n                    <span class=\"responsibility\">Administration<\/span>\n                            <footer class=\"contact\">\n                                    <a href=\"mailto:info@zesar.ch\" class=\"email\">info@zesar.ch<\/a>\n                                                    <a href=\"tel:032 482 68 00\" class=\"phone\">032 482 68 00<\/a>\n                            <\/footer>\n            <\/div>\n<\/article>            <article class=\"post-3860 employee type-employee status-publish hentry department-produktion\" data-categories=\"produktion\">\n    <div class=\"image-wrapper\">\n        <img width=\"1024\" height=\"741\" src=\"https:\/\/zesar.ch\/wp-content\/uploads\/2022\/11\/Da-Silva-Luis-1-1024x741.jpg\" class=\"attachment-large size-large not-transparent\" alt=\"\" decoding=\"async\" loading=\"lazy\" srcset=\"https:\/\/zesar.ch\/wp-content\/uploads\/2022\/11\/Da-Silva-Luis-1-1024x741.jpg 1024w, https:\/\/zesar.ch\/wp-content\/uploads\/2022\/11\/Da-Silva-Luis-1-350x253.webp 350w, https:\/\/zesar.ch\/wp-content\/uploads\/2022\/11\/Da-Silva-Luis-1-600x434.webp 600w, https:\/\/zesar.ch\/wp-content\/uploads\/2022\/11\/Da-Silva-Luis-1-300x217.jpg 300w, https:\/\/zesar.ch\/wp-content\/uploads\/2022\/11\/Da-Silva-Luis-1-768x556.jpg 768w, https:\/\/zesar.ch\/wp-content\/uploads\/2022\/11\/Da-Silva-Luis-1-jpg.webp 1080w\" sizes=\"(max-width: 1024px) 100vw, 1024px\" data-has-transparency=\"false\" data-dominant-color=\"ceb5b1\" style=\"--dominant-color: #ceb5b1;\" \/>    <\/div>\n    <div class=\"data-wrapper\">\n        <strong>\n            Luis Da Silva                    <\/strong>\n                    <span class=\"responsibility\">Constructeur d'appareils industriels &amp; soudage au robot<\/span>\n                    <\/div>\n<\/article>            <article class=\"post-3893 employee type-employee status-publish hentry department-geschaeftsleitung\" data-categories=\"geschaeftsleitung\">\n    <div class=\"image-wrapper\">\n        <img width=\"1024\" height=\"741\" src=\"https:\/\/zesar.ch\/wp-content\/uploads\/2022\/11\/marc-liechti-team-1-1024x741.png\" class=\"attachment-large size-large not-transparent\" alt=\"\" decoding=\"async\" loading=\"lazy\" srcset=\"https:\/\/zesar.ch\/wp-content\/uploads\/2022\/11\/marc-liechti-team-1-1024x741.png 1024w, https:\/\/zesar.ch\/wp-content\/uploads\/2022\/11\/marc-liechti-team-1-300x217.png 300w, https:\/\/zesar.ch\/wp-content\/uploads\/2022\/11\/marc-liechti-team-1-768x556.png 768w, https:\/\/zesar.ch\/wp-content\/uploads\/2022\/11\/marc-liechti-team-1-18x12.png 18w, https:\/\/zesar.ch\/wp-content\/uploads\/2022\/11\/marc-liechti-team-1-350x253.png 350w, https:\/\/zesar.ch\/wp-content\/uploads\/2022\/11\/marc-liechti-team-1-600x434.png 600w, https:\/\/zesar.ch\/wp-content\/uploads\/2022\/11\/marc-liechti-team-1.png 1080w\" sizes=\"(max-width: 1024px) 100vw, 1024px\" data-has-transparency=\"false\" data-dominant-color=\"d8d4d0\" style=\"--dominant-color: #d8d4d0;\" \/>    <\/div>\n    <div class=\"data-wrapper\">\n        <strong>\n            Marc Liechti                    <\/strong>\n                    <span class=\"responsibility\">Co-CEO<\/span>\n                            <footer class=\"contact\">\n                                    <a href=\"mailto:info@zesar.ch\" class=\"email\">info@zesar.ch<\/a>\n                                                    <a href=\"tel:032 482 68 00\" class=\"phone\">032 482 68 00<\/a>\n                            <\/footer>\n            <\/div>\n<\/article>            <article class=\"post-3934 employee type-employee status-publish hentry department-administration\" data-categories=\"administration\">\n    <div class=\"image-wrapper\">\n        <img width=\"1024\" height=\"741\" src=\"https:\/\/zesar.ch\/wp-content\/uploads\/2022\/11\/Frei-Marianne-1-1024x741.jpg\" class=\"attachment-large size-large not-transparent\" alt=\"\" decoding=\"async\" loading=\"lazy\" srcset=\"https:\/\/zesar.ch\/wp-content\/uploads\/2022\/11\/Frei-Marianne-1-1024x741.jpg 1024w, https:\/\/zesar.ch\/wp-content\/uploads\/2022\/11\/Frei-Marianne-1-350x253.webp 350w, https:\/\/zesar.ch\/wp-content\/uploads\/2022\/11\/Frei-Marianne-1-600x434.webp 600w, https:\/\/zesar.ch\/wp-content\/uploads\/2022\/11\/Frei-Marianne-1-300x217.jpg 300w, https:\/\/zesar.ch\/wp-content\/uploads\/2022\/11\/Frei-Marianne-1-768x556.jpg 768w, https:\/\/zesar.ch\/wp-content\/uploads\/2022\/11\/Frei-Marianne-1-jpg.webp 1080w\" sizes=\"(max-width: 1024px) 100vw, 1024px\" data-has-transparency=\"false\" data-dominant-color=\"cdc1b7\" style=\"--dominant-color: #cdc1b7;\" \/>    <\/div>\n    <div class=\"data-wrapper\">\n        <strong>\n            Marianne Frei                    <\/strong>\n                    <span class=\"responsibility\">Responsable achats &amp; AVOR<\/span>\n                            <footer class=\"contact\">\n                                    <a href=\"mailto:achats@zesar.ch\" class=\"email\">achats@zesar.ch<\/a>\n                                            <\/footer>\n            <\/div>\n<\/article>            <article class=\"post-3890 employee type-employee status-publish hentry department-administration\" data-categories=\"administration\">\n    <div class=\"image-wrapper\">\n        <img width=\"1024\" height=\"741\" src=\"https:\/\/zesar.ch\/wp-content\/uploads\/2022\/11\/Lehmann-Marylise-1-1024x741.jpg\" class=\"attachment-large size-large not-transparent\" alt=\"\" decoding=\"async\" loading=\"lazy\" srcset=\"https:\/\/zesar.ch\/wp-content\/uploads\/2022\/11\/Lehmann-Marylise-1-1024x741.jpg 1024w, https:\/\/zesar.ch\/wp-content\/uploads\/2022\/11\/Lehmann-Marylise-1-350x253.webp 350w, https:\/\/zesar.ch\/wp-content\/uploads\/2022\/11\/Lehmann-Marylise-1-600x434.webp 600w, https:\/\/zesar.ch\/wp-content\/uploads\/2022\/11\/Lehmann-Marylise-1-300x217.jpg 300w, https:\/\/zesar.ch\/wp-content\/uploads\/2022\/11\/Lehmann-Marylise-1-768x556.jpg 768w, https:\/\/zesar.ch\/wp-content\/uploads\/2022\/11\/Lehmann-Marylise-1-jpg.webp 1080w\" sizes=\"(max-width: 1024px) 100vw, 1024px\" data-has-transparency=\"false\" data-dominant-color=\"bbb2ab\" style=\"--dominant-color: #bbb2ab;\" \/>    <\/div>\n    <div class=\"data-wrapper\">\n        <strong>\n            Marylise Lehmann                    <\/strong>\n                    <span class=\"responsibility\">Administration<\/span>\n                    <\/div>\n<\/article>            <article class=\"post-3902 employee type-employee status-publish hentry department-logistik-transporte\" data-categories=\"logistik-transporte\">\n    <div class=\"image-wrapper\">\n        <img width=\"1024\" height=\"741\" src=\"https:\/\/zesar.ch\/wp-content\/uploads\/2022\/11\/Matthey-Michel-1-1024x741.jpg\" class=\"attachment-large size-large not-transparent\" alt=\"\" decoding=\"async\" loading=\"lazy\" srcset=\"https:\/\/zesar.ch\/wp-content\/uploads\/2022\/11\/Matthey-Michel-1-1024x741.jpg 1024w, https:\/\/zesar.ch\/wp-content\/uploads\/2022\/11\/Matthey-Michel-1-350x253.webp 350w, https:\/\/zesar.ch\/wp-content\/uploads\/2022\/11\/Matthey-Michel-1-600x434.webp 600w, https:\/\/zesar.ch\/wp-content\/uploads\/2022\/11\/Matthey-Michel-1-300x217.jpg 300w, https:\/\/zesar.ch\/wp-content\/uploads\/2022\/11\/Matthey-Michel-1-768x556.jpg 768w, https:\/\/zesar.ch\/wp-content\/uploads\/2022\/11\/Matthey-Michel-1-jpg.webp 1080w\" sizes=\"(max-width: 1024px) 100vw, 1024px\" data-has-transparency=\"false\" data-dominant-color=\"c9b3ad\" style=\"--dominant-color: #c9b3ad;\" \/>    <\/div>\n    <div class=\"data-wrapper\">\n        <strong>\n            Michel Matthey                    <\/strong>\n                    <span class=\"responsibility\">Transports &amp; montage<\/span>\n                    <\/div>\n<\/article>            <article class=\"post-3842 employee type-employee status-publish hentry department-produktion\" data-categories=\"produktion\">\n    <div class=\"image-wrapper\">\n        <img width=\"1024\" height=\"741\" src=\"https:\/\/zesar.ch\/wp-content\/uploads\/2022\/11\/Bianchi-Murielle-1-1024x741.jpg\" class=\"attachment-large size-large not-transparent\" alt=\"\" decoding=\"async\" loading=\"lazy\" srcset=\"https:\/\/zesar.ch\/wp-content\/uploads\/2022\/11\/Bianchi-Murielle-1-1024x741.jpg 1024w, https:\/\/zesar.ch\/wp-content\/uploads\/2022\/11\/Bianchi-Murielle-1-350x253.webp 350w, https:\/\/zesar.ch\/wp-content\/uploads\/2022\/11\/Bianchi-Murielle-1-600x434.webp 600w, https:\/\/zesar.ch\/wp-content\/uploads\/2022\/11\/Bianchi-Murielle-1-300x217.jpg 300w, https:\/\/zesar.ch\/wp-content\/uploads\/2022\/11\/Bianchi-Murielle-1-768x556.jpg 768w, https:\/\/zesar.ch\/wp-content\/uploads\/2022\/11\/Bianchi-Murielle-1-jpg.webp 1080w\" sizes=\"(max-width: 1024px) 100vw, 1024px\" data-has-transparency=\"false\" data-dominant-color=\"c4b9b2\" style=\"--dominant-color: #c4b9b2;\" \/>    <\/div>\n    <div class=\"data-wrapper\">\n        <strong>\n            Murielle Bianchi                    <\/strong>\n                    <span class=\"responsibility\">Montage &amp; thermolaquage<\/span>\n                    <\/div>\n<\/article>            <article class=\"post-8294 employee type-employee status-publish hentry department-logistik-transporte\" data-categories=\"logistik-transporte\">\n    <div class=\"image-wrapper\">\n        <img width=\"1024\" height=\"741\" src=\"https:\/\/zesar.ch\/wp-content\/uploads\/2024\/03\/NS-jpg.webp\" class=\"attachment-large size-large not-transparent\" alt=\"\" decoding=\"async\" loading=\"lazy\" srcset=\"https:\/\/zesar.ch\/wp-content\/uploads\/2024\/03\/NS-jpg.webp 1024w, https:\/\/zesar.ch\/wp-content\/uploads\/2024\/03\/NS-300x217.webp 300w, https:\/\/zesar.ch\/wp-content\/uploads\/2024\/03\/NS-768x556.webp 768w, https:\/\/zesar.ch\/wp-content\/uploads\/2024\/03\/NS-18x12.webp 18w, https:\/\/zesar.ch\/wp-content\/uploads\/2024\/03\/NS-350x253.webp 350w, https:\/\/zesar.ch\/wp-content\/uploads\/2024\/03\/NS-600x434.webp 600w\" sizes=\"(max-width: 1024px) 100vw, 1024px\" data-has-transparency=\"false\" data-dominant-color=\"cdb4b4\" style=\"--dominant-color: #cdb4b4;\" \/>    <\/div>\n    <div class=\"data-wrapper\">\n        <strong>\n            Nathana\u00ebl Sommer                    <\/strong>\n                    <span class=\"responsibility\">Transports &amp; montage<\/span>\n                    <\/div>\n<\/article>            <article class=\"post-3857 employee type-employee status-publish hentry department-produktion\" data-categories=\"produktion\">\n    <div class=\"image-wrapper\">\n        <img width=\"1024\" height=\"741\" src=\"https:\/\/zesar.ch\/wp-content\/uploads\/2022\/11\/Pedro-1024x741.png\" class=\"attachment-large size-large not-transparent\" alt=\"\" decoding=\"async\" loading=\"lazy\" srcset=\"https:\/\/zesar.ch\/wp-content\/uploads\/2022\/11\/Pedro-1024x741.png 1024w, https:\/\/zesar.ch\/wp-content\/uploads\/2022\/11\/Pedro-350x253.png 350w, https:\/\/zesar.ch\/wp-content\/uploads\/2022\/11\/Pedro-600x434.png 600w, https:\/\/zesar.ch\/wp-content\/uploads\/2022\/11\/Pedro-300x217.png 300w, https:\/\/zesar.ch\/wp-content\/uploads\/2022\/11\/Pedro-768x556.png 768w, https:\/\/zesar.ch\/wp-content\/uploads\/2022\/11\/Pedro-18x12.png 18w, https:\/\/zesar.ch\/wp-content\/uploads\/2022\/11\/Pedro.png 1080w\" sizes=\"(max-width: 1024px) 100vw, 1024px\" data-has-transparency=\"false\" data-dominant-color=\"c5bab4\" style=\"--dominant-color: #c5bab4;\" \/>    <\/div>\n    <div class=\"data-wrapper\">\n        <strong>\n            Pedro Da Cruz Cardoso                    <\/strong>\n                    <span class=\"responsibility\">Constructeur d'appareils industriels &amp; soudage au robot<\/span>\n                    <\/div>\n<\/article>            <article class=\"post-10344 employee type-employee status-publish hentry department-produktion\" data-categories=\"produktion\">\n    <div class=\"image-wrapper\">\n        <img width=\"1024\" height=\"741\" src=\"https:\/\/zesar.ch\/wp-content\/uploads\/2025\/02\/Roma-Pedro-1-1024x741.png\" class=\"attachment-large size-large not-transparent\" alt=\"\" decoding=\"async\" loading=\"lazy\" srcset=\"https:\/\/zesar.ch\/wp-content\/uploads\/2025\/02\/Roma-Pedro-1-1024x741.png 1024w, https:\/\/zesar.ch\/wp-content\/uploads\/2025\/02\/Roma-Pedro-1-300x217.png 300w, https:\/\/zesar.ch\/wp-content\/uploads\/2025\/02\/Roma-Pedro-1-768x556.png 768w, https:\/\/zesar.ch\/wp-content\/uploads\/2025\/02\/Roma-Pedro-1-18x12.png 18w, https:\/\/zesar.ch\/wp-content\/uploads\/2025\/02\/Roma-Pedro-1-350x253.png 350w, https:\/\/zesar.ch\/wp-content\/uploads\/2025\/02\/Roma-Pedro-1-600x434.png 600w, https:\/\/zesar.ch\/wp-content\/uploads\/2025\/02\/Roma-Pedro-1.png 1080w\" sizes=\"(max-width: 1024px) 100vw, 1024px\" data-has-transparency=\"false\" data-dominant-color=\"c2b8b4\" style=\"--dominant-color: #c2b8b4;\" \/>    <\/div>\n    <div class=\"data-wrapper\">\n        <strong>\n            Pedro Roma                    <\/strong>\n                    <span class=\"responsibility\">Constructeur d'appareils industriels &amp; soudage au robot<\/span>\n                    <\/div>\n<\/article>            <article class=\"post-717 employee type-employee status-publish hentry department-geschaeftsleitung department-verkauf employee_cat-ansprechpartner-bildung employee_cat-ansprechpartner-industrie\" data-categories=\"geschaeftsleitung verkauf\">\n    <div class=\"image-wrapper\">\n        <img width=\"1024\" height=\"741\" src=\"https:\/\/zesar.ch\/wp-content\/uploads\/2022\/10\/Philippe-lehmann-1-1024x741.png\" class=\"attachment-large size-large has-transparency\" alt=\"\" decoding=\"async\" loading=\"lazy\" srcset=\"https:\/\/zesar.ch\/wp-content\/uploads\/2022\/10\/Philippe-lehmann-1-1024x741.png 1024w, https:\/\/zesar.ch\/wp-content\/uploads\/2022\/10\/Philippe-lehmann-1-300x217.png 300w, https:\/\/zesar.ch\/wp-content\/uploads\/2022\/10\/Philippe-lehmann-1-768x556.png 768w, https:\/\/zesar.ch\/wp-content\/uploads\/2022\/10\/Philippe-lehmann-1-18x12.png 18w, https:\/\/zesar.ch\/wp-content\/uploads\/2022\/10\/Philippe-lehmann-1-350x253.png 350w, https:\/\/zesar.ch\/wp-content\/uploads\/2022\/10\/Philippe-lehmann-1-600x434.png 600w, https:\/\/zesar.ch\/wp-content\/uploads\/2022\/10\/Philippe-lehmann-1.png 1080w\" sizes=\"(max-width: 1024px) 100vw, 1024px\" data-has-transparency=\"true\" data-dominant-color=\"b9b0a9\" style=\"--dominant-color: #b9b0a9;\" \/>    <\/div>\n    <div class=\"data-wrapper\">\n        <strong>\n            Philippe Lehmann                            <span class=\"position\">Membre de la direction<span>\n                    <\/strong>\n                    <span class=\"responsibility\">Responsable des ventes - Suisse romande &amp; Haut-Valais<\/span>\n                            <footer class=\"contact\">\n                                    <a href=\"mailto:philippe.lehmann@zesar.ch\" class=\"email\">philippe.lehmann@zesar.ch<\/a>\n                                                    <a href=\"tel:079 100 23 23\" class=\"phone\">079 100 23 23<\/a>\n                            <\/footer>\n            <\/div>\n<\/article>            <article class=\"post-8902 employee type-employee status-publish hentry department-produktion\" data-categories=\"produktion\">\n    <div class=\"image-wrapper\">\n        <img width=\"1024\" height=\"741\" src=\"https:\/\/zesar.ch\/wp-content\/uploads\/2024\/09\/Gigandet-Raphael-1024x741.png\" class=\"attachment-large size-large not-transparent\" alt=\"\" decoding=\"async\" loading=\"lazy\" srcset=\"https:\/\/zesar.ch\/wp-content\/uploads\/2024\/09\/Gigandet-Raphael-1024x741.png 1024w, https:\/\/zesar.ch\/wp-content\/uploads\/2024\/09\/Gigandet-Raphael-300x217.png 300w, https:\/\/zesar.ch\/wp-content\/uploads\/2024\/09\/Gigandet-Raphael-768x556.png 768w, https:\/\/zesar.ch\/wp-content\/uploads\/2024\/09\/Gigandet-Raphael-18x12.png 18w, https:\/\/zesar.ch\/wp-content\/uploads\/2024\/09\/Gigandet-Raphael-350x253.png 350w, https:\/\/zesar.ch\/wp-content\/uploads\/2024\/09\/Gigandet-Raphael-600x434.png 600w, https:\/\/zesar.ch\/wp-content\/uploads\/2024\/09\/Gigandet-Raphael.png 1080w\" sizes=\"(max-width: 1024px) 100vw, 1024px\" data-has-transparency=\"false\" data-dominant-color=\"bbb6b4\" style=\"--dominant-color: #bbb6b4;\" \/>    <\/div>\n    <div class=\"data-wrapper\">\n        <strong>\n            Rapha\u00ebl Gigandet                    <\/strong>\n                    <span class=\"responsibility\">Montage<\/span>\n                    <\/div>\n<\/article>            <article class=\"post-8905 employee type-employee status-publish hentry department-logistik-transporte\" data-categories=\"logistik-transporte\">\n    <div class=\"image-wrapper\">\n        <img width=\"1024\" height=\"741\" src=\"https:\/\/zesar.ch\/wp-content\/uploads\/2024\/09\/Sirna-Remy-1024x741.png\" class=\"attachment-large size-large not-transparent\" alt=\"\" decoding=\"async\" loading=\"lazy\" srcset=\"https:\/\/zesar.ch\/wp-content\/uploads\/2024\/09\/Sirna-Remy-1024x741.png 1024w, https:\/\/zesar.ch\/wp-content\/uploads\/2024\/09\/Sirna-Remy-300x217.png 300w, https:\/\/zesar.ch\/wp-content\/uploads\/2024\/09\/Sirna-Remy-768x556.png 768w, https:\/\/zesar.ch\/wp-content\/uploads\/2024\/09\/Sirna-Remy-18x12.png 18w, https:\/\/zesar.ch\/wp-content\/uploads\/2024\/09\/Sirna-Remy-350x253.png 350w, https:\/\/zesar.ch\/wp-content\/uploads\/2024\/09\/Sirna-Remy-600x434.png 600w, https:\/\/zesar.ch\/wp-content\/uploads\/2024\/09\/Sirna-Remy.png 1080w\" sizes=\"(max-width: 1024px) 100vw, 1024px\" data-has-transparency=\"false\" data-dominant-color=\"c9a8ae\" style=\"--dominant-color: #c9a8ae;\" \/>    <\/div>\n    <div class=\"data-wrapper\">\n        <strong>\n            R\u00e9my Sirna                    <\/strong>\n                    <span class=\"responsibility\">Transports &amp; montage<\/span>\n                    <\/div>\n<\/article>            <article class=\"post-7309 employee type-employee status-publish hentry department-produktion\" data-categories=\"produktion\">\n    <div class=\"image-wrapper\">\n        <img width=\"1024\" height=\"741\" src=\"https:\/\/zesar.ch\/wp-content\/uploads\/2023\/07\/Ausgewaehtl_Ricardo-Tavares-1024x741.png\" class=\"attachment-large size-large not-transparent\" alt=\"\" decoding=\"async\" loading=\"lazy\" srcset=\"https:\/\/zesar.ch\/wp-content\/uploads\/2023\/07\/Ausgewaehtl_Ricardo-Tavares-1024x741.png 1024w, https:\/\/zesar.ch\/wp-content\/uploads\/2023\/07\/Ausgewaehtl_Ricardo-Tavares-300x217.png 300w, https:\/\/zesar.ch\/wp-content\/uploads\/2023\/07\/Ausgewaehtl_Ricardo-Tavares-768x556.png 768w, https:\/\/zesar.ch\/wp-content\/uploads\/2023\/07\/Ausgewaehtl_Ricardo-Tavares-18x12.png 18w, https:\/\/zesar.ch\/wp-content\/uploads\/2023\/07\/Ausgewaehtl_Ricardo-Tavares-350x253.png 350w, https:\/\/zesar.ch\/wp-content\/uploads\/2023\/07\/Ausgewaehtl_Ricardo-Tavares-600x434.png 600w, https:\/\/zesar.ch\/wp-content\/uploads\/2023\/07\/Ausgewaehtl_Ricardo-Tavares.png 1080w\" sizes=\"(max-width: 1024px) 100vw, 1024px\" data-has-transparency=\"false\" data-dominant-color=\"c0bec1\" style=\"--dominant-color: #c0bec1;\" \/>    <\/div>\n    <div class=\"data-wrapper\">\n        <strong>\n            Ricardo Tavares                    <\/strong>\n                    <span class=\"responsibility\">Responsable du bureau technique<\/span>\n                    <\/div>\n<\/article>            <article class=\"post-3836 employee type-employee status-publish hentry department-administration\" data-categories=\"administration\">\n    <div class=\"image-wrapper\">\n        <img width=\"1024\" height=\"741\" src=\"https:\/\/zesar.ch\/wp-content\/uploads\/2022\/11\/Sabine-Baumann-1024x741.png\" class=\"attachment-large size-large not-transparent\" alt=\"\" decoding=\"async\" loading=\"lazy\" srcset=\"https:\/\/zesar.ch\/wp-content\/uploads\/2022\/11\/Sabine-Baumann-1024x741.png 1024w, https:\/\/zesar.ch\/wp-content\/uploads\/2022\/11\/Sabine-Baumann-350x253.png 350w, https:\/\/zesar.ch\/wp-content\/uploads\/2022\/11\/Sabine-Baumann-600x434.png 600w, https:\/\/zesar.ch\/wp-content\/uploads\/2022\/11\/Sabine-Baumann-300x217.png 300w, https:\/\/zesar.ch\/wp-content\/uploads\/2022\/11\/Sabine-Baumann-768x556.png 768w, https:\/\/zesar.ch\/wp-content\/uploads\/2022\/11\/Sabine-Baumann-18x12.png 18w, https:\/\/zesar.ch\/wp-content\/uploads\/2022\/11\/Sabine-Baumann.png 1080w\" sizes=\"(max-width: 1024px) 100vw, 1024px\" data-has-transparency=\"false\" data-dominant-color=\"c9bbaf\" style=\"--dominant-color: #c9bbaf;\" \/>    <\/div>\n    <div class=\"data-wrapper\">\n        <strong>\n            Sabine Baumann                    <\/strong>\n                    <span class=\"responsibility\">Responsable du d\u00e9partement administration<\/span>\n                            <footer class=\"contact\">\n                                    <a href=\"mailto:info@zesar.ch\" class=\"email\">info@zesar.ch<\/a>\n                                                    <a href=\"tel:032 482 68 00\" class=\"phone\">032 482 68 00<\/a>\n                            <\/footer>\n            <\/div>\n<\/article>            <article class=\"post-11347 employee type-employee status-publish hentry department-administration\" data-categories=\"administration\">\n    <div class=\"image-wrapper\">\n        <img width=\"1024\" height=\"741\" src=\"https:\/\/zesar.ch\/wp-content\/uploads\/2026\/02\/v1.2_Bichsel_Samuel_2026_Portrait_ZesarCH_Web_1080px-1024x741.png\" class=\"attachment-large size-large not-transparent\" alt=\"\" decoding=\"async\" loading=\"lazy\" srcset=\"https:\/\/zesar.ch\/wp-content\/uploads\/2026\/02\/v1.2_Bichsel_Samuel_2026_Portrait_ZesarCH_Web_1080px-1024x741.png 1024w, https:\/\/zesar.ch\/wp-content\/uploads\/2026\/02\/v1.2_Bichsel_Samuel_2026_Portrait_ZesarCH_Web_1080px-300x217.png 300w, https:\/\/zesar.ch\/wp-content\/uploads\/2026\/02\/v1.2_Bichsel_Samuel_2026_Portrait_ZesarCH_Web_1080px-768x556.png 768w, https:\/\/zesar.ch\/wp-content\/uploads\/2026\/02\/v1.2_Bichsel_Samuel_2026_Portrait_ZesarCH_Web_1080px-1536x1112.png 1536w, https:\/\/zesar.ch\/wp-content\/uploads\/2026\/02\/v1.2_Bichsel_Samuel_2026_Portrait_ZesarCH_Web_1080px-2048x1483.png 2048w, https:\/\/zesar.ch\/wp-content\/uploads\/2026\/02\/v1.2_Bichsel_Samuel_2026_Portrait_ZesarCH_Web_1080px-18x12.png 18w, https:\/\/zesar.ch\/wp-content\/uploads\/2026\/02\/v1.2_Bichsel_Samuel_2026_Portrait_ZesarCH_Web_1080px-350x253.png 350w, https:\/\/zesar.ch\/wp-content\/uploads\/2026\/02\/v1.2_Bichsel_Samuel_2026_Portrait_ZesarCH_Web_1080px-600x434.png 600w\" sizes=\"(max-width: 1024px) 100vw, 1024px\" data-has-transparency=\"false\" data-dominant-color=\"d7cec7\" style=\"--dominant-color: #d7cec7;\" \/>    <\/div>\n    <div class=\"data-wrapper\">\n        <strong>\n            Samuel Bichsel                    <\/strong>\n                    <span class=\"responsibility\">Achats &amp; AVOR<\/span>\n                            <footer class=\"contact\">\n                                    <a href=\"mailto:achats@zesar.ch\" class=\"email\">achats@zesar.ch<\/a>\n                                            <\/footer>\n            <\/div>\n<\/article>            <article class=\"post-11355 employee type-employee status-publish hentry department-produktion\" data-categories=\"produktion\">\n    <div class=\"image-wrapper\">\n        <img width=\"1024\" height=\"741\" src=\"https:\/\/zesar.ch\/wp-content\/uploads\/2026\/02\/v1.2_Bilinski_Sebastian_2026_Portrait_ZesarCH_Web_1080px3-1024x741.png\" class=\"attachment-large size-large not-transparent\" alt=\"\" decoding=\"async\" loading=\"lazy\" srcset=\"https:\/\/zesar.ch\/wp-content\/uploads\/2026\/02\/v1.2_Bilinski_Sebastian_2026_Portrait_ZesarCH_Web_1080px3-1024x741.png 1024w, https:\/\/zesar.ch\/wp-content\/uploads\/2026\/02\/v1.2_Bilinski_Sebastian_2026_Portrait_ZesarCH_Web_1080px3-300x217.png 300w, https:\/\/zesar.ch\/wp-content\/uploads\/2026\/02\/v1.2_Bilinski_Sebastian_2026_Portrait_ZesarCH_Web_1080px3-768x556.png 768w, https:\/\/zesar.ch\/wp-content\/uploads\/2026\/02\/v1.2_Bilinski_Sebastian_2026_Portrait_ZesarCH_Web_1080px3-1536x1112.png 1536w, https:\/\/zesar.ch\/wp-content\/uploads\/2026\/02\/v1.2_Bilinski_Sebastian_2026_Portrait_ZesarCH_Web_1080px3-2048x1483.png 2048w, https:\/\/zesar.ch\/wp-content\/uploads\/2026\/02\/v1.2_Bilinski_Sebastian_2026_Portrait_ZesarCH_Web_1080px3-18x12.png 18w, https:\/\/zesar.ch\/wp-content\/uploads\/2026\/02\/v1.2_Bilinski_Sebastian_2026_Portrait_ZesarCH_Web_1080px3-350x253.png 350w, https:\/\/zesar.ch\/wp-content\/uploads\/2026\/02\/v1.2_Bilinski_Sebastian_2026_Portrait_ZesarCH_Web_1080px3-600x434.png 600w\" sizes=\"(max-width: 1024px) 100vw, 1024px\" data-has-transparency=\"false\" data-dominant-color=\"beb7b2\" style=\"--dominant-color: #beb7b2;\" \/>    <\/div>\n    <div class=\"data-wrapper\">\n        <strong>\n            Sebastian Bilinski                    <\/strong>\n                    <span class=\"responsibility\">S\u00e9rigraphie<\/span>\n                    <\/div>\n<\/article>            <article class=\"post-9861 employee type-employee status-publish hentry department-geschaeftsleitung\" data-categories=\"geschaeftsleitung\">\n    <div class=\"image-wrapper\">\n        <img width=\"1024\" height=\"741\" src=\"https:\/\/zesar.ch\/wp-content\/uploads\/2024\/11\/Stephane-Gisiger-1024x741.png\" class=\"attachment-large size-large not-transparent\" alt=\"\" decoding=\"async\" loading=\"lazy\" srcset=\"https:\/\/zesar.ch\/wp-content\/uploads\/2024\/11\/Stephane-Gisiger-1024x741.png 1024w, https:\/\/zesar.ch\/wp-content\/uploads\/2024\/11\/Stephane-Gisiger-300x217.png 300w, https:\/\/zesar.ch\/wp-content\/uploads\/2024\/11\/Stephane-Gisiger-768x556.png 768w, https:\/\/zesar.ch\/wp-content\/uploads\/2024\/11\/Stephane-Gisiger-18x12.png 18w, https:\/\/zesar.ch\/wp-content\/uploads\/2024\/11\/Stephane-Gisiger-350x253.png 350w, https:\/\/zesar.ch\/wp-content\/uploads\/2024\/11\/Stephane-Gisiger-600x434.png 600w, https:\/\/zesar.ch\/wp-content\/uploads\/2024\/11\/Stephane-Gisiger.png 1080w\" sizes=\"(max-width: 1024px) 100vw, 1024px\" data-has-transparency=\"false\" data-dominant-color=\"d8d2ce\" style=\"--dominant-color: #d8d2ce;\" \/>    <\/div>\n    <div class=\"data-wrapper\">\n        <strong>\n            St\u00e9phane Gisiger                    <\/strong>\n                    <span class=\"responsibility\">Co-CEO<\/span>\n                            <footer class=\"contact\">\n                                    <a href=\"mailto:info@zesar.ch\" class=\"email\">info@zesar.ch<\/a>\n                                                    <a href=\"tel:032 482 68 00\" class=\"phone\">032 482 68 00<\/a>\n                            <\/footer>\n            <\/div>\n<\/article>            <article class=\"post-8298 employee type-employee status-publish hentry department-produktion\" data-categories=\"produktion\">\n    <div class=\"image-wrapper\">\n        <img width=\"1024\" height=\"741\" src=\"https:\/\/zesar.ch\/wp-content\/uploads\/2024\/03\/TB-jpg.webp\" class=\"attachment-large size-large not-transparent\" alt=\"\" decoding=\"async\" loading=\"lazy\" srcset=\"https:\/\/zesar.ch\/wp-content\/uploads\/2024\/03\/TB-jpg.webp 1024w, https:\/\/zesar.ch\/wp-content\/uploads\/2024\/03\/TB-300x217.webp 300w, https:\/\/zesar.ch\/wp-content\/uploads\/2024\/03\/TB-768x556.webp 768w, https:\/\/zesar.ch\/wp-content\/uploads\/2024\/03\/TB-18x12.webp 18w, https:\/\/zesar.ch\/wp-content\/uploads\/2024\/03\/TB-350x253.webp 350w, https:\/\/zesar.ch\/wp-content\/uploads\/2024\/03\/TB-600x434.webp 600w\" sizes=\"(max-width: 1024px) 100vw, 1024px\" data-has-transparency=\"false\" data-dominant-color=\"b5b0ac\" style=\"--dominant-color: #b5b0ac;\" \/>    <\/div>\n    <div class=\"data-wrapper\">\n        <strong>\n            Thibault Bernhard                    <\/strong>\n                    <span class=\"responsibility\">Responsable de l'\u00e9quipe montage, thermolaquage &amp; s\u00e9rigraphie<\/span>\n                    <\/div>\n<\/article>            <article class=\"post-3922 employee type-employee status-publish hentry department-produktion\" data-categories=\"produktion\">\n    <div class=\"image-wrapper\">\n        <img width=\"1024\" height=\"741\" src=\"https:\/\/zesar.ch\/wp-content\/uploads\/2022\/11\/Tankaev-Uvays-1024x741.jpg\" class=\"attachment-large size-large not-transparent\" alt=\"\" decoding=\"async\" loading=\"lazy\" srcset=\"https:\/\/zesar.ch\/wp-content\/uploads\/2022\/11\/Tankaev-Uvays-1024x741.jpg 1024w, https:\/\/zesar.ch\/wp-content\/uploads\/2022\/11\/Tankaev-Uvays-350x253.webp 350w, https:\/\/zesar.ch\/wp-content\/uploads\/2022\/11\/Tankaev-Uvays-600x434.webp 600w, https:\/\/zesar.ch\/wp-content\/uploads\/2022\/11\/Tankaev-Uvays-300x217.jpg 300w, https:\/\/zesar.ch\/wp-content\/uploads\/2022\/11\/Tankaev-Uvays-768x556.jpg 768w, https:\/\/zesar.ch\/wp-content\/uploads\/2022\/11\/Tankaev-Uvays-jpg.webp 1080w\" sizes=\"(max-width: 1024px) 100vw, 1024px\" data-has-transparency=\"false\" data-dominant-color=\"c3bab2\" style=\"--dominant-color: #c3bab2;\" \/>    <\/div>\n    <div class=\"data-wrapper\">\n        <strong>\n            Uvays Tankaev                    <\/strong>\n                    <span class=\"responsibility\">Atelier m\u00e9canique &amp; construction d'appareils<\/span>\n                    <\/div>\n<\/article>            <article class=\"post-3943 employee type-employee status-publish hentry department-produktion\" data-categories=\"produktion\">\n    <div class=\"image-wrapper\">\n        <img width=\"1024\" height=\"741\" src=\"https:\/\/zesar.ch\/wp-content\/uploads\/2022\/11\/Randazzo-Vito-1-1024x741.jpg\" class=\"attachment-large size-large not-transparent\" alt=\"\" decoding=\"async\" loading=\"lazy\" srcset=\"https:\/\/zesar.ch\/wp-content\/uploads\/2022\/11\/Randazzo-Vito-1-1024x741.jpg 1024w, https:\/\/zesar.ch\/wp-content\/uploads\/2022\/11\/Randazzo-Vito-1-350x253.webp 350w, https:\/\/zesar.ch\/wp-content\/uploads\/2022\/11\/Randazzo-Vito-1-600x434.webp 600w, https:\/\/zesar.ch\/wp-content\/uploads\/2022\/11\/Randazzo-Vito-1-300x217.jpg 300w, https:\/\/zesar.ch\/wp-content\/uploads\/2022\/11\/Randazzo-Vito-1-768x556.jpg 768w, https:\/\/zesar.ch\/wp-content\/uploads\/2022\/11\/Randazzo-Vito-1-jpg.webp 1080w\" sizes=\"(max-width: 1024px) 100vw, 1024px\" data-has-transparency=\"false\" data-dominant-color=\"c6b3ae\" style=\"--dominant-color: #c6b3ae;\" \/>    <\/div>\n    <div class=\"data-wrapper\">\n        <strong>\n            Vito Randazzo                    <\/strong>\n                    <span class=\"responsibility\">Constructeur d'appareils industriels &amp; soudage au robot<\/span>\n                    <\/div>\n<\/article>            <article class=\"post-8767 employee type-employee status-publish hentry department-verkauf employee_cat-ansprechpartner-bildung\" data-categories=\"verkauf\">\n    <div class=\"image-wrapper\">\n        <img width=\"1024\" height=\"741\" src=\"https:\/\/zesar.ch\/wp-content\/uploads\/2024\/08\/xavier-pillonel.png\" class=\"attachment-large size-large not-transparent\" alt=\"\" decoding=\"async\" loading=\"lazy\" srcset=\"https:\/\/zesar.ch\/wp-content\/uploads\/2024\/08\/xavier-pillonel.png 1024w, https:\/\/zesar.ch\/wp-content\/uploads\/2024\/08\/xavier-pillonel-300x217.png 300w, https:\/\/zesar.ch\/wp-content\/uploads\/2024\/08\/xavier-pillonel-768x556.png 768w, https:\/\/zesar.ch\/wp-content\/uploads\/2024\/08\/xavier-pillonel-18x12.png 18w, https:\/\/zesar.ch\/wp-content\/uploads\/2024\/08\/xavier-pillonel-350x253.png 350w, https:\/\/zesar.ch\/wp-content\/uploads\/2024\/08\/xavier-pillonel-600x434.png 600w\" sizes=\"(max-width: 1024px) 100vw, 1024px\" data-has-transparency=\"false\" data-dominant-color=\"bcb7b4\" style=\"--dominant-color: #bcb7b4;\" \/>    <\/div>\n    <div class=\"data-wrapper\">\n        <strong>\n            Xavier Pillonel                    <\/strong>\n                    <span class=\"responsibility\">Conseiller de vente - mobilier scolaire - Cantons de Gen\u00e8ve et Vaud<\/span>\n                            <footer class=\"contact\">\n                                    <a href=\"mailto:xavier.pillonel@zesar.ch\" class=\"email\">xavier.pillonel@zesar.ch<\/a>\n                                                    <a href=\"tel:079 175 89 29\" class=\"phone\">079 175 89 29<\/a>\n                            <\/footer>\n            <\/div>\n<\/article>            <article class=\"post-3872 employee type-employee status-publish hentry department-produktion\" data-categories=\"produktion\">\n    <div class=\"image-wrapper\">\n        <img width=\"1024\" height=\"741\" src=\"https:\/\/zesar.ch\/wp-content\/uploads\/2022\/11\/Ghiggia-Yan-1-1024x741.jpg\" class=\"attachment-large size-large not-transparent\" alt=\"\" decoding=\"async\" loading=\"lazy\" srcset=\"https:\/\/zesar.ch\/wp-content\/uploads\/2022\/11\/Ghiggia-Yan-1-1024x741.jpg 1024w, https:\/\/zesar.ch\/wp-content\/uploads\/2022\/11\/Ghiggia-Yan-1-350x253.webp 350w, https:\/\/zesar.ch\/wp-content\/uploads\/2022\/11\/Ghiggia-Yan-1-600x434.webp 600w, https:\/\/zesar.ch\/wp-content\/uploads\/2022\/11\/Ghiggia-Yan-1-300x217.jpg 300w, https:\/\/zesar.ch\/wp-content\/uploads\/2022\/11\/Ghiggia-Yan-1-768x556.jpg 768w, https:\/\/zesar.ch\/wp-content\/uploads\/2022\/11\/Ghiggia-Yan-1-jpg.webp 1080w\" sizes=\"(max-width: 1024px) 100vw, 1024px\" data-has-transparency=\"false\" data-dominant-color=\"b9b1ab\" style=\"--dominant-color: #b9b1ab;\" \/>    <\/div>\n    <div class=\"data-wrapper\">\n        <strong>\n            Yan Ghiggia                    <\/strong>\n                    <span class=\"responsibility\">Gestionnaire des donn\u00e9es de base et de la calculation<\/span>\n                    <\/div>\n<\/article>            <article class=\"post-3931 employee type-employee status-publish hentry department-produktion\" data-categories=\"produktion\">\n    <div class=\"image-wrapper\">\n        <img width=\"1024\" height=\"741\" src=\"https:\/\/zesar.ch\/wp-content\/uploads\/2022\/11\/Zuccoli-Yannick-2-1024x741.jpg\" class=\"attachment-large size-large not-transparent\" alt=\"\" decoding=\"async\" loading=\"lazy\" srcset=\"https:\/\/zesar.ch\/wp-content\/uploads\/2022\/11\/Zuccoli-Yannick-2-1024x741.jpg 1024w, https:\/\/zesar.ch\/wp-content\/uploads\/2022\/11\/Zuccoli-Yannick-2-350x253.webp 350w, https:\/\/zesar.ch\/wp-content\/uploads\/2022\/11\/Zuccoli-Yannick-2-600x434.webp 600w, https:\/\/zesar.ch\/wp-content\/uploads\/2022\/11\/Zuccoli-Yannick-2-300x217.jpg 300w, https:\/\/zesar.ch\/wp-content\/uploads\/2022\/11\/Zuccoli-Yannick-2-768x556.jpg 768w, https:\/\/zesar.ch\/wp-content\/uploads\/2022\/11\/Zuccoli-Yannick-2-jpg.webp 1080w\" sizes=\"(max-width: 1024px) 100vw, 1024px\" data-has-transparency=\"false\" data-dominant-color=\"bdb4ad\" style=\"--dominant-color: #bdb4ad;\" \/>    <\/div>\n    <div class=\"data-wrapper\">\n        <strong>\n            Yanick Zuccoli                    <\/strong>\n                    <span class=\"responsibility\">Montage<\/span>\n                    <\/div>\n<\/article>            <article class=\"post-8612 employee type-employee status-publish hentry department-produktion\" data-categories=\"produktion\">\n    <div class=\"image-wrapper\">\n        <img width=\"1024\" height=\"741\" src=\"https:\/\/zesar.ch\/wp-content\/uploads\/2024\/05\/Yann-1024x741.webp\" class=\"attachment-large size-large not-transparent\" alt=\"\" decoding=\"async\" loading=\"lazy\" srcset=\"https:\/\/zesar.ch\/wp-content\/uploads\/2024\/05\/Yann-1024x741.webp 1024w, https:\/\/zesar.ch\/wp-content\/uploads\/2024\/05\/Yann-300x217.webp 300w, https:\/\/zesar.ch\/wp-content\/uploads\/2024\/05\/Yann-768x556.webp 768w, https:\/\/zesar.ch\/wp-content\/uploads\/2024\/05\/Yann-18x12.webp 18w, https:\/\/zesar.ch\/wp-content\/uploads\/2024\/05\/Yann-350x253.webp 350w, https:\/\/zesar.ch\/wp-content\/uploads\/2024\/05\/Yann-600x434.webp 600w, https:\/\/zesar.ch\/wp-content\/uploads\/2024\/05\/Yann-jpg.webp 1080w\" sizes=\"(max-width: 1024px) 100vw, 1024px\" data-has-transparency=\"false\" data-dominant-color=\"beacaa\" style=\"--dominant-color: #beacaa;\" \/>    <\/div>\n    <div class=\"data-wrapper\">\n        <strong>\n            Yann  Berbier                    <\/strong>\n                    <span class=\"responsibility\">Montage<\/span>\n                    <\/div>\n<\/article>            <article class=\"post-3884 employee type-employee status-publish hentry department-produktion\" data-categories=\"produktion\">\n    <div class=\"image-wrapper\">\n        <img width=\"1024\" height=\"741\" src=\"https:\/\/zesar.ch\/wp-content\/uploads\/2022\/11\/Klaey-Yannick-1-1024x741.jpg\" class=\"attachment-large size-large not-transparent\" alt=\"\" decoding=\"async\" loading=\"lazy\" srcset=\"https:\/\/zesar.ch\/wp-content\/uploads\/2022\/11\/Klaey-Yannick-1-1024x741.jpg 1024w, https:\/\/zesar.ch\/wp-content\/uploads\/2022\/11\/Klaey-Yannick-1-350x253.webp 350w, https:\/\/zesar.ch\/wp-content\/uploads\/2022\/11\/Klaey-Yannick-1-600x434.webp 600w, https:\/\/zesar.ch\/wp-content\/uploads\/2022\/11\/Klaey-Yannick-1-300x217.jpg 300w, https:\/\/zesar.ch\/wp-content\/uploads\/2022\/11\/Klaey-Yannick-1-768x556.jpg 768w, https:\/\/zesar.ch\/wp-content\/uploads\/2022\/11\/Klaey-Yannick-1-jpg.webp 1080w\" sizes=\"(max-width: 1024px) 100vw, 1024px\" data-has-transparency=\"false\" data-dominant-color=\"b6afa9\" style=\"--dominant-color: #b6afa9;\" \/>    <\/div>\n    <div class=\"data-wrapper\">\n        <strong>\n            Yannick Kl\u00e4y                    <\/strong>\n                    <span class=\"responsibility\">Montage<\/span>\n                    <\/div>\n<\/article>    <\/div><\/div>\n<\/div>\n<\/div>\n\n\n\n<div class=\"is-layout-constrained wp-block-group alignfull\">\n<div class=\"wp-block-media-text is-stacked-on-mobile is-vertically-aligned-top\"><figure class=\"wp-block-media-text__media\"><img data-dominant-color=\"a4a4a7\" data-has-transparency=\"true\" style=\"--dominant-color: #a4a4a7;\" decoding=\"async\" loading=\"lazy\" width=\"624\" height=\"452\" src=\"https:\/\/zesar.ch\/wp-content\/uploads\/2022\/10\/MG_6076.png\" alt=\"\" class=\"has-transparency wp-image-2843 size-full\" srcset=\"https:\/\/zesar.ch\/wp-content\/uploads\/2022\/10\/MG_6076.png 624w, https:\/\/zesar.ch\/wp-content\/uploads\/2022\/10\/MG_6076-350x254.png 350w, https:\/\/zesar.ch\/wp-content\/uploads\/2022\/10\/MG_6076-600x435.png 600w, https:\/\/zesar.ch\/wp-content\/uploads\/2022\/10\/MG_6076-300x217.png 300w\" sizes=\"(max-width: 624px) 100vw, 624px\" \/><\/figure><div class=\"wp-block-media-text__content\">\n<h2>Faites partie de Zesar<\/h2>\n\n\n\n<p>Vous partagez nos valeurs et notre vision ? Alors nous nous r\u00e9jouissons de faire votre connaissance pour une carri\u00e8re chez nous.<\/p>\n\n\n\n<div class=\"is-layout-flex wp-block-buttons\">\n<div class=\"wp-block-button\"><a class=\"wp-block-button__link wp-element-button\" href=\"https:\/\/zesar.ch\/fr\/entreprise\/travailler-chez-zesar-ch\/\">vers les postes vacants<\/a><\/div>\n<\/div>\n<\/div><\/div>\n<\/div>","protected":false},"excerpt":{"rendered":"<p>Das Team Der Mensch befindet sich Zeit seines Lebens im Lernprozess. Dieser beginnt schon ganz fr\u00fch im Kindergarten, setzt sich \u00fcber Schule, Berufsausbildung oder Studium fort und erstreckt sich \u00fcber das gesamte Arbeitsleben. Viele Stunden verbringt jeder dabei im Sitzen oder im Stehen. Qualitativ hochwertige Schulm\u00f6bel in modernem Design zum Wohlf\u00fchlen, die R\u00fccksicht auf Ergonomie [&hellip;]<\/p>","protected":false},"author":16,"featured_media":0,"parent":439,"menu_order":0,"comment_status":"closed","ping_status":"closed","template":"","meta":[],"acf":[],"_links":{"self":[{"href":"https:\/\/zesar.ch\/fr\/wp-json\/wp\/v2\/pages\/2473"}],"collection":[{"href":"https:\/\/zesar.ch\/fr\/wp-json\/wp\/v2\/pages"}],"about":[{"href":"https:\/\/zesar.ch\/fr\/wp-json\/wp\/v2\/types\/page"}],"author":[{"embeddable":true,"href":"https:\/\/zesar.ch\/fr\/wp-json\/wp\/v2\/users\/16"}],"replies":[{"embeddable":true,"href":"https:\/\/zesar.ch\/fr\/wp-json\/wp\/v2\/comments?post=2473"}],"version-history":[{"count":28,"href":"https:\/\/zesar.ch\/fr\/wp-json\/wp\/v2\/pages\/2473\/revisions"}],"predecessor-version":[{"id":11436,"href":"https:\/\/zesar.ch\/fr\/wp-json\/wp\/v2\/pages\/2473\/revisions\/11436"}],"up":[{"embeddable":true,"href":"https:\/\/zesar.ch\/fr\/wp-json\/wp\/v2\/pages\/439"}],"wp:attachment":[{"href":"https:\/\/zesar.ch\/fr\/wp-json\/wp\/v2\/media?parent=2473"}],"curies":[{"name":"wp","href":"https:\/\/api.w.org\/{rel}","templated":true}]}}